{"id":68056,"date":"2023-10-20T16:08:22","date_gmt":"2023-10-20T16:08:22","guid":{"rendered":"https:\/\/www.switcho.it\/blog\/?page_id=68056"},"modified":"2025-11-21T13:07:13","modified_gmt":"2025-11-21T13:07:13","slug":"mercato-energia","status":"publish","type":"page","link":"https:\/\/www.switcho.it\/blog\/luce-gas\/mercato-energia\/","title":{"rendered":"Mercato energetico: informazioni, novit\u00e0 e approfondimenti"},"content":{"rendered":"\n[et_pb_section fb_built=&#8221;1&#8243; _builder_version=&#8221;4.17.0&#8243; use_background_color_gradient=&#8221;on&#8221; background_color_gradient_direction=&#8221;146deg&#8221; background_enable_image=&#8221;off&#8221; parallax=&#8221;on&#8221; top_divider_color=&#8221;rgba(73,78,107,0.07)&#8221; top_divider_height=&#8221;90vw&#8221; top_divider_flip=&#8221;horizontal|vertical&#8221; locked=&#8221;off&#8221; global_colors_info=&#8221;{}&#8221;][et_pb_row column_structure=&#8221;3_5,2_5&#8243; _builder_version=&#8221;4.17.0&#8243; width_tablet=&#8221;&#8221; width_phone=&#8221;90%&#8221; width_last_edited=&#8221;on|phone&#8221; global_colors_info=&#8221;{}&#8221;][et_pb_column type=&#8221;3_5&#8243; _builder_version=&#8221;4.16&#8243; global_colors_info=&#8221;{}&#8221;][et_pb_text _builder_version=&#8221;4.23&#8243; text_font=&#8221;Inter|300|||||||&#8221; text_text_color=&#8221;#FFFFFF&#8221; text_font_size=&#8221;20px&#8221; text_line_height=&#8221;26px&#8221; header_font=&#8221;Rubik|700|||||||&#8221; header_text_align=&#8221;center&#8221; header_text_color=&#8221;#FFFFFF&#8221; header_font_size=&#8221;48px&#8221; header_line_height=&#8221;1.2em&#8221; custom_padding=&#8221;20px||||false|false&#8221; custom_padding_tablet=&#8221;0px||||false|false&#8221; custom_padding_phone=&#8221;0px||||false|false&#8221; custom_padding_last_edited=&#8221;on|phone&#8221; header_font_size_tablet=&#8221;38px&#8221; header_font_size_phone=&#8221;28px&#8221; header_font_size_last_edited=&#8221;on|phone&#8221; global_colors_info=&#8221;{}&#8221;]<h1 style=\"text-align: left;\">Il mercato tutelato<\/h1>[\/et_pb_text][et_pb_text _builder_version=&#8221;4.23&#8243; _module_preset=&#8221;default&#8221; text_font=&#8221;Inter|300|||||||&#8221; text_text_color=&#8221;#FFFFFF&#8221; text_font_size=&#8221;18px&#8221; custom_margin=&#8221;-20px||||false|false&#8221; global_colors_info=&#8221;{}&#8221;]<p>Scopri le ultime novit\u00e0 sul mercato tutelato dell&#8217;energia. Quali sono le scadenze, le informazioni e i cambiamenti normativi pi\u00f9 importanti da conoscere? Qui trovi una lista di news e di approfondimenti sul tema, che terremo costantemente aggiornata e che continueremo ad ampliare con nuovi consigli.<\/p>[\/et_pb_text][\/et_pb_column][et_pb_column type=&#8221;2_5&#8243; _builder_version=&#8221;4.16&#8243; global_colors_info=&#8221;{}&#8221;][et_pb_image src=&#8221;https:\/\/www.switcho.it\/blog\/wp-content\/uploads\/2023\/11\/mercato-tutelato.png&#8221; alt=&#8221;Mercato tutelato&#8221; title_text=&#8221;switcho blog&#8221; align=&#8221;center&#8221; _builder_version=&#8221;4.23&#8243; _module_preset=&#8221;default&#8221; max_height=&#8221;200px&#8221; global_colors_info=&#8221;{}&#8221;][\/et_pb_image][\/et_pb_column][\/et_pb_row][\/et_pb_section][et_pb_section fb_built=&#8221;1&#8243; _builder_version=&#8221;4.23&#8243; background_color=&#8221;#F7F8FA&#8221; custom_padding=&#8221;21px|||||&#8221; top_divider_color=&#8221;rgba(73,78,107,0.07)&#8221; top_divider_height=&#8221;90vw&#8221; top_divider_flip=&#8221;horizontal|vertical&#8221; locked=&#8221;off&#8221; global_colors_info=&#8221;{}&#8221;][et_pb_row _builder_version=&#8221;4.17.0&#8243; width_tablet=&#8221;&#8221; width_phone=&#8221;90%&#8221; width_last_edited=&#8221;on|phone&#8221; global_colors_info=&#8221;{}&#8221;][et_pb_column type=&#8221;4_4&#8243; _builder_version=&#8221;4.16&#8243; global_colors_info=&#8221;{}&#8221;][et_pb_text _builder_version=&#8221;4.26.0&#8243; _module_preset=&#8221;default&#8221; header_2_font=&#8221;Rubik|700|||||||&#8221; global_colors_info=&#8221;{}&#8221;]<h2 style=\"text-align: left;\">\u26a1 Le ultime novit\u00e0 del mercato energetico<\/h2>[\/et_pb_text][\/et_pb_column][\/et_pb_row][et_pb_row custom_padding_last_edited=&#8221;on|tablet&#8221; _builder_version=&#8221;4.17.0&#8243; _module_preset=&#8221;default&#8221; width_tablet=&#8221;&#8221; width_phone=&#8221;90%&#8221; width_last_edited=&#8221;on|phone&#8221; custom_margin_tablet=&#8221;&#8221; custom_margin_phone=&#8221;||||false|false&#8221; custom_margin_last_edited=&#8221;on|phone&#8221; custom_padding=&#8221;||0px||false|false&#8221; custom_padding_tablet=&#8221;||0px||false|false&#8221; custom_padding_phone=&#8221;||0px||false|false&#8221; locked=&#8221;off&#8221; global_colors_info=&#8221;{}&#8221;][et_pb_column type=&#8221;4_4&#8243; _builder_version=&#8221;4.17.0&#8243; _module_preset=&#8221;default&#8221; global_colors_info=&#8221;{}&#8221;][et_pb_blog fullwidth=&#8221;off&#8221; posts_number=&#8221;6&#8243; include_categories=&#8221;307&#8243; meta_date=&#8221;j M Y&#8221; excerpt_length=&#8221;120&#8243; show_author=&#8221;off&#8221; show_categories=&#8221;off&#8221; show_pagination=&#8221;off&#8221; _builder_version=&#8221;4.26.0&#8243; header_font=&#8221;Rubik|700|||||||&#8221; header_text_color=&#8221;#2D3748&#8243; body_font=&#8221;Inter|500|||||||&#8221; body_text_color=&#8221;#2D3748&#8243; meta_font=&#8221;Inter||||||||&#8221; meta_text_color=&#8221;#2364AE&#8221; meta_font_size=&#8221;13px&#8221; read_more_font=&#8221;Raleway|600|||on|||#2D3748|&#8221; read_more_text_color=&#8221;#985e6d&#8221; pagination_font=&#8221;Inter||||||||&#8221; pagination_text_color=&#8221;#2364AE&#8221; pagination_font_size=&#8221;18px&#8221; pagination_line_height=&#8221;2.4em&#8221; border_radii=&#8221;on|20px|20px|20px|20px&#8221; border_width_all=&#8221;0px&#8221; box_shadow_style=&#8221;preset1&#8243; box_shadow_vertical=&#8221;12px&#8221; box_shadow_blur=&#8221;30px&#8221; box_shadow_spread=&#8221;-20px&#8221; box_shadow_color=&#8221;rgba(25,34,49,0.3)&#8221; global_colors_info=&#8221;{}&#8221;][\/et_pb_blog][\/et_pb_column][\/et_pb_row][et_pb_row _builder_version=&#8221;4.17.0&#8243; width_tablet=&#8221;&#8221; width_phone=&#8221;90%&#8221; width_last_edited=&#8221;on|phone&#8221; global_colors_info=&#8221;{}&#8221;][et_pb_column type=&#8221;4_4&#8243; _builder_version=&#8221;4.16&#8243; global_colors_info=&#8221;{}&#8221;][et_pb_text _builder_version=&#8221;4.26.0&#8243; _module_preset=&#8221;default&#8221; header_2_font=&#8221;Rubik|700|||||||&#8221; global_colors_info=&#8221;{}&#8221;]<h2 style=\"text-align: left;\">\ud83d\uded1 Fine tutela: tutte le guide per orientarsi<\/h2>[\/et_pb_text][\/et_pb_column][\/et_pb_row][et_pb_row column_structure=&#8221;1_3,1_3,1_3&#8243; _builder_version=&#8221;4.17.0&#8243; width_tablet=&#8221;&#8221; width_phone=&#8221;90%&#8221; width_last_edited=&#8221;on|phone&#8221; locked=&#8221;off&#8221; global_colors_info=&#8221;{}&#8221;][et_pb_column type=&#8221;1_3&#8243; _builder_version=&#8221;4.16&#8243; global_colors_info=&#8221;{}&#8221;][et_pb_image src=&#8221;https:\/\/www.switcho.it\/blog\/wp-content\/uploads\/2024\/03\/tornare-al-mercato-tutelato.png&#8221; alt=&#8221;tornare al mercato tutelato&#8221; title_text=&#8221;tornare al mercato tutelato&#8221; url=&#8221;https:\/\/www.switcho.it\/blog\/luce-gas\/tornare-mercato-tutelato\/&#8221; show_bottom_space=&#8221;off&#8221; align=&#8221;center&#8221; _builder_version=&#8221;4.24.2&#8243; _module_preset=&#8221;default&#8221; min_height=&#8221;183.9px&#8221; border_radii=&#8221;off|20px|20px||&#8221; box_shadow_style=&#8221;preset1&#8243; box_shadow_blur=&#8221;20px&#8221; box_shadow_spread=&#8221;-10px&#8221; global_colors_info=&#8221;{}&#8221;][\/et_pb_image][et_pb_text _builder_version=&#8221;4.24.2&#8243; _module_preset=&#8221;default&#8221; text_font=&#8221;Inter||||||||&#8221; text_text_color=&#8221;#2364AE&#8221; text_font_size=&#8221;13px&#8221; link_text_color=&#8221;#2364AE&#8221; header_2_font=&#8221;Rubik|700|||||||&#8221; header_2_font_size=&#8221;18px&#8221; background_color=&#8221;#FFFFFF&#8221; custom_margin=&#8221;||||false|false&#8221; custom_padding=&#8221;30px|20px|8px|20px|false|false&#8221; link_option_url=&#8221;https:\/\/www.switcho.it\/blog\/luce-gas\/tornare-mercato-tutelato\/&#8221; box_shadow_style=&#8221;preset1&#8243; box_shadow_vertical=&#8221;6px&#8221; box_shadow_blur=&#8221;20px&#8221; box_shadow_spread=&#8221;-10px&#8221; global_colors_info=&#8221;{}&#8221;]<h2 class=\"entry-title\">Si pu\u00f2 tornare al mercato tutelato? Iter, ostacoli e convenienza<\/h2>\n<p>15 Mar 2024<\/p>[\/et_pb_text][et_pb_text _builder_version=&#8221;4.24.2&#8243; _module_preset=&#8221;default&#8221; text_font=&#8221;Inter||||||||&#8221; text_text_color=&#8221;#2D3748&#8243; header_2_font=&#8221;Rubik|700|||||||&#8221; header_2_font_size=&#8221;18px&#8221; background_color=&#8221;#FFFFFF&#8221; custom_margin=&#8221;-30px||||false|false&#8221; custom_padding=&#8221;|20px|20px|20px|false|false&#8221; border_radii=&#8221;off|||20px|20px&#8221; box_shadow_style=&#8221;preset1&#8243; box_shadow_vertical=&#8221;18px&#8221; box_shadow_blur=&#8221;40px&#8221; box_shadow_spread=&#8221;-25px&#8221; global_colors_info=&#8221;{}&#8221;]<div class=\"row clearfix content-line\">\n<div class=\"col-xs-9 column content-util\">\n<article>Tornare al mercato tutelato \u00e8 possibile, ma non sempre conviene. Ecco cosa sta succedendo in questo periodo.<\/article>\n<\/div>\n<\/div>\n<div class=\"row clearfix content-line\"><\/div>[\/et_pb_text][\/et_pb_column][et_pb_column type=&#8221;1_3&#8243; _builder_version=&#8221;4.16&#8243; global_colors_info=&#8221;{}&#8221;][et_pb_image src=&#8221;https:\/\/www.switcho.it\/blog\/wp-content\/uploads\/2024\/02\/Fine-Mercato-Tutelato-Luce.jpg&#8221; alt=&#8221;Fine Mercato Tutelato Luce&#8221; title_text=&#8221;Fine Mercato Tutelato Luce&#8221; url=&#8221;https:\/\/www.switcho.it\/blog\/luce-gas\/fine-mercato-tutelato-luce\/&#8221; show_bottom_space=&#8221;off&#8221; align=&#8221;center&#8221; _builder_version=&#8221;4.24.0&#8243; _module_preset=&#8221;default&#8221; min_height=&#8221;183.9px&#8221; border_radii=&#8221;off|20px|20px||&#8221; box_shadow_style=&#8221;preset1&#8243; box_shadow_blur=&#8221;20px&#8221; box_shadow_spread=&#8221;-10px&#8221; global_colors_info=&#8221;{}&#8221;][\/et_pb_image][et_pb_text _builder_version=&#8221;4.26.0&#8243; _module_preset=&#8221;default&#8221; text_font=&#8221;Inter||||||||&#8221; text_text_color=&#8221;#2364AE&#8221; text_font_size=&#8221;13px&#8221; link_text_color=&#8221;#2364AE&#8221; header_2_font=&#8221;Rubik|700|||||||&#8221; header_2_font_size=&#8221;18px&#8221; background_color=&#8221;#FFFFFF&#8221; custom_margin=&#8221;||||false|false&#8221; custom_padding=&#8221;30px|20px|8px|20px|false|false&#8221; link_option_url=&#8221;https:\/\/www.switcho.it\/blog\/luce-gas\/fine-mercato-tutelato-luce\/&#8221; box_shadow_style=&#8221;preset1&#8243; box_shadow_vertical=&#8221;6px&#8221; box_shadow_blur=&#8221;20px&#8221; box_shadow_spread=&#8221;-10px&#8221; global_colors_info=&#8221;{}&#8221;]<h2 class=\"entry-title\">Fine del mercato tutelato luce: info utili e scadenze<\/h2>\n<p>15 Feb 2024<\/p>[\/et_pb_text][et_pb_text _builder_version=&#8221;4.26.0&#8243; _module_preset=&#8221;default&#8221; text_font=&#8221;Inter||||||||&#8221; text_text_color=&#8221;#2D3748&#8243; header_2_font=&#8221;Rubik|700|||||||&#8221; header_2_font_size=&#8221;18px&#8221; background_color=&#8221;#FFFFFF&#8221; custom_margin=&#8221;-30px||||false|false&#8221; custom_padding=&#8221;|20px|20px|20px|false|false&#8221; border_radii=&#8221;off|||20px|20px&#8221; box_shadow_style=&#8221;preset1&#8243; box_shadow_vertical=&#8221;18px&#8221; box_shadow_blur=&#8221;40px&#8221; box_shadow_spread=&#8221;-25px&#8221; global_colors_info=&#8221;{}&#8221;]<p>Dubbi sulla fine del mercato tutelato della luce? Ecco una guida per i clienti domestici coinvolti da questo cambiamento.<\/p>[\/et_pb_text][\/et_pb_column][et_pb_column type=&#8221;1_3&#8243; _builder_version=&#8221;4.16&#8243; global_colors_info=&#8221;{}&#8221;][et_pb_image src=&#8221;https:\/\/www.switcho.it\/blog\/wp-content\/uploads\/2023\/06\/Servizio-a-tutele-graduali.png&#8221; alt=&#8221;Servizio a tutele graduali&#8221; title_text=&#8221;Servizio a tutele graduali&#8221; url=&#8221;https:\/\/www.switcho.it\/blog\/luce-gas\/servizio-tutele-graduali\/&#8221; show_bottom_space=&#8221;off&#8221; align=&#8221;center&#8221; _builder_version=&#8221;4.23&#8243; _module_preset=&#8221;default&#8221; min_height=&#8221;183.9px&#8221; border_radii=&#8221;off|20px|20px||&#8221; box_shadow_style=&#8221;preset1&#8243; box_shadow_blur=&#8221;20px&#8221; box_shadow_spread=&#8221;-10px&#8221; global_colors_info=&#8221;{}&#8221;][\/et_pb_image][et_pb_text _builder_version=&#8221;4.24.0&#8243; _module_preset=&#8221;default&#8221; text_font=&#8221;Inter||||||||&#8221; text_text_color=&#8221;#2364AE&#8221; text_font_size=&#8221;13px&#8221; link_text_color=&#8221;#2364AE&#8221; header_2_font=&#8221;Rubik|700|||||||&#8221; header_2_font_size=&#8221;18px&#8221; background_color=&#8221;#FFFFFF&#8221; custom_margin=&#8221;||||false|false&#8221; custom_padding=&#8221;30px|20px|8px|20px|false|false&#8221; link_option_url=&#8221;https:\/\/www.switcho.it\/blog\/luce-gas\/servizio-tutele-graduali\/&#8221; box_shadow_style=&#8221;preset1&#8243; box_shadow_vertical=&#8221;6px&#8221; box_shadow_blur=&#8221;20px&#8221; box_shadow_spread=&#8221;-10px&#8221; global_colors_info=&#8221;{}&#8221;]<h2 class=\"entry-title\">Cos&#8217;\u00e8 il Servizio a Tutele Graduali?<\/h2>\n<p>8 Feb 2024<\/p>[\/et_pb_text][et_pb_text _builder_version=&#8221;4.23&#8243; _module_preset=&#8221;default&#8221; text_font=&#8221;Inter||||||||&#8221; text_text_color=&#8221;#2D3748&#8243; header_2_font=&#8221;Rubik|700|||||||&#8221; header_2_font_size=&#8221;18px&#8221; background_color=&#8221;#FFFFFF&#8221; custom_margin=&#8221;-30px||||false|false&#8221; custom_padding=&#8221;|20px|20px|20px|false|false&#8221; border_radii=&#8221;off|||20px|20px&#8221; box_shadow_style=&#8221;preset1&#8243; box_shadow_vertical=&#8221;18px&#8221; box_shadow_blur=&#8221;40px&#8221; box_shadow_spread=&#8221;-25px&#8221; global_colors_info=&#8221;{}&#8221;]<p>Il Servizio a Tutele Graduali (STG) serve ad accompagnare gli utenti verso il mercato libero: scopri come funziona.<\/p>[\/et_pb_text][\/et_pb_column][\/et_pb_row][et_pb_row column_structure=&#8221;1_3,1_3,1_3&#8243; _builder_version=&#8221;4.17.0&#8243; width_tablet=&#8221;&#8221; width_phone=&#8221;90%&#8221; width_last_edited=&#8221;on|phone&#8221; locked=&#8221;off&#8221; global_colors_info=&#8221;{}&#8221;][et_pb_column type=&#8221;1_3&#8243; _builder_version=&#8221;4.16&#8243; global_colors_info=&#8221;{}&#8221;][et_pb_image src=&#8221;https:\/\/www.switcho.it\/blog\/wp-content\/uploads\/2023\/05\/Offerte-PLACET-luce-e-gas.png&#8221; alt=&#8221;Offerte PLACET luce e gas&#8221; title_text=&#8221;Offerte PLACET luce e gas&#8221; url=&#8221;https:\/\/www.switcho.it\/blog\/luce-gas\/offerte-placet\/&#8221; show_bottom_space=&#8221;off&#8221; align=&#8221;center&#8221; _builder_version=&#8221;4.24.0&#8243; _module_preset=&#8221;default&#8221; min_height=&#8221;183.9px&#8221; border_radii=&#8221;off|20px|20px||&#8221; box_shadow_style=&#8221;preset1&#8243; box_shadow_blur=&#8221;20px&#8221; box_shadow_spread=&#8221;-10px&#8221; global_colors_info=&#8221;{}&#8221;][\/et_pb_image][et_pb_text _builder_version=&#8221;4.24.0&#8243; _module_preset=&#8221;default&#8221; text_font=&#8221;Inter||||||||&#8221; text_text_color=&#8221;#2364AE&#8221; text_font_size=&#8221;13px&#8221; link_text_color=&#8221;#2364AE&#8221; header_2_font=&#8221;Rubik|700|||||||&#8221; header_2_font_size=&#8221;18px&#8221; background_color=&#8221;#FFFFFF&#8221; custom_margin=&#8221;||||false|false&#8221; custom_padding=&#8221;30px|20px|8px|20px|false|false&#8221; link_option_url=&#8221;https:\/\/www.switcho.it\/blog\/luce-gas\/offerte-placet\/&#8221; box_shadow_style=&#8221;preset1&#8243; box_shadow_vertical=&#8221;6px&#8221; box_shadow_blur=&#8221;20px&#8221; box_shadow_spread=&#8221;-10px&#8221; global_colors_info=&#8221;{}&#8221;]<h2 class=\"entry-title\">Cosa sono le offerte PLACET luce e gas e a chi convengono?<\/h2>\n<p>19 Gen 2024<\/p>[\/et_pb_text][et_pb_text _builder_version=&#8221;4.24.0&#8243; _module_preset=&#8221;default&#8221; text_font=&#8221;Inter||||||||&#8221; text_text_color=&#8221;#2D3748&#8243; header_2_font=&#8221;Rubik|700|||||||&#8221; header_2_font_size=&#8221;18px&#8221; background_color=&#8221;#FFFFFF&#8221; custom_margin=&#8221;-30px||||false|false&#8221; custom_padding=&#8221;|20px|20px|20px|false|false&#8221; border_radii=&#8221;off|||20px|20px&#8221; box_shadow_style=&#8221;preset1&#8243; box_shadow_vertical=&#8221;18px&#8221; box_shadow_blur=&#8221;40px&#8221; box_shadow_spread=&#8221;-25px&#8221; global_colors_info=&#8221;{}&#8221;]<p>Scopri le offerte PLACET per luce e gas: cosa sono e a chi convengono le PLACET fisse e variabili di Eni, Enel e altri fornitori.<\/p>[\/et_pb_text][\/et_pb_column][et_pb_column type=&#8221;1_3&#8243; _builder_version=&#8221;4.16&#8243; global_colors_info=&#8221;{}&#8221;][et_pb_image src=&#8221;https:\/\/www.switcho.it\/blog\/wp-content\/uploads\/2023\/09\/Clienti-Vulnerabili-1.png&#8221; alt=&#8221;Clienti Vulnerabili&#8221; title_text=&#8221;Clienti Vulnerabili&#8221; url=&#8221;https:\/\/www.switcho.it\/blog\/luce-gas\/clienti-vulnerabili\/&#8221; show_bottom_space=&#8221;off&#8221; align=&#8221;center&#8221; _builder_version=&#8221;4.23&#8243; _module_preset=&#8221;default&#8221; min_height=&#8221;183.9px&#8221; border_radii=&#8221;off|20px|20px||&#8221; box_shadow_style=&#8221;preset1&#8243; box_shadow_blur=&#8221;20px&#8221; box_shadow_spread=&#8221;-10px&#8221; global_colors_info=&#8221;{}&#8221;][\/et_pb_image][et_pb_text _builder_version=&#8221;4.26.0&#8243; _module_preset=&#8221;default&#8221; text_font=&#8221;Inter||||||||&#8221; text_text_color=&#8221;#2364AE&#8221; text_font_size=&#8221;13px&#8221; link_text_color=&#8221;#2364AE&#8221; header_2_font=&#8221;Rubik|700|||||||&#8221; header_2_font_size=&#8221;18px&#8221; background_color=&#8221;#FFFFFF&#8221; custom_margin=&#8221;||||false|false&#8221; custom_padding=&#8221;30px|20px|8px|20px|false|false&#8221; link_option_url=&#8221;https:\/\/www.switcho.it\/blog\/luce-gas\/clienti-vulnerabili\/&#8221; box_shadow_style=&#8221;preset1&#8243; box_shadow_vertical=&#8221;6px&#8221; box_shadow_blur=&#8221;20px&#8221; box_shadow_spread=&#8221;-10px&#8221; global_colors_info=&#8221;{}&#8221;]<h2 class=\"entry-title\">Clienti vulnerabili: chi sono e dove vanno alla fine della maggior tutela?<\/h2>\n<p>21 Dic 2023<\/p>[\/et_pb_text][et_pb_text _builder_version=&#8221;4.23&#8243; _module_preset=&#8221;default&#8221; text_font=&#8221;Inter||||||||&#8221; text_text_color=&#8221;#2D3748&#8243; header_2_font=&#8221;Rubik|700|||||||&#8221; header_2_font_size=&#8221;18px&#8221; background_color=&#8221;#FFFFFF&#8221; custom_margin=&#8221;-30px||||false|false&#8221; custom_padding=&#8221;|20px|20px|20px|false|false&#8221; border_radii=&#8221;off|||20px|20px&#8221; box_shadow_style=&#8221;preset1&#8243; box_shadow_vertical=&#8221;18px&#8221; box_shadow_blur=&#8221;40px&#8221; box_shadow_spread=&#8221;-25px&#8221; global_colors_info=&#8221;{}&#8221;]<p>Fine del mercato tutelato luce e gas: chi sono i clienti vulnerabili? E cos&#8217;\u00e8 il servizio di tutela della vulnerabilit\u00e0?<\/p>[\/et_pb_text][\/et_pb_column][et_pb_column type=&#8221;1_3&#8243; _builder_version=&#8221;4.16&#8243; global_colors_info=&#8221;{}&#8221;][et_pb_image src=&#8221;https:\/\/www.switcho.it\/blog\/wp-content\/uploads\/2022\/11\/fine-mercato-tutelato-gas.png&#8221; alt=&#8221;fine mercato tutelato gas&#8221; title_text=&#8221;fine mercato tutelato gas&#8221; url=&#8221;https:\/\/www.switcho.it\/blog\/luce-gas\/fine-mercato-tutelato-gas\/&#8221; show_bottom_space=&#8221;off&#8221; align=&#8221;center&#8221; _builder_version=&#8221;4.23&#8243; _module_preset=&#8221;default&#8221; min_height=&#8221;183.9px&#8221; border_radii=&#8221;off|20px|20px||&#8221; box_shadow_style=&#8221;preset1&#8243; box_shadow_blur=&#8221;20px&#8221; box_shadow_spread=&#8221;-10px&#8221; global_colors_info=&#8221;{}&#8221;][\/et_pb_image][et_pb_text _builder_version=&#8221;4.24.0&#8243; _module_preset=&#8221;default&#8221; text_font=&#8221;Inter||||||||&#8221; text_text_color=&#8221;#2364AE&#8221; text_font_size=&#8221;13px&#8221; link_text_color=&#8221;#2364AE&#8221; header_2_font=&#8221;Rubik|700|||||||&#8221; header_2_font_size=&#8221;18px&#8221; background_color=&#8221;#FFFFFF&#8221; custom_margin=&#8221;||||false|false&#8221; custom_padding=&#8221;30px|20px|8px|20px|false|false&#8221; link_option_url=&#8221;https:\/\/www.switcho.it\/blog\/luce-gas\/fine-mercato-tutelato-gas\/&#8221; box_shadow_style=&#8221;preset1&#8243; box_shadow_vertical=&#8221;6px&#8221; box_shadow_blur=&#8221;20px&#8221; box_shadow_spread=&#8221;-10px&#8221; global_colors_info=&#8221;{}&#8221;]<h2 class=\"entry-title\">Fine del mercato tutelato del gas: cosa cambia in bolletta?<\/h2>\n<p>21 Dic 2023<\/p>[\/et_pb_text][et_pb_text _builder_version=&#8221;4.23&#8243; _module_preset=&#8221;default&#8221; text_font=&#8221;Inter||||||||&#8221; text_text_color=&#8221;#2D3748&#8243; header_2_font=&#8221;Rubik|700|||||||&#8221; header_2_font_size=&#8221;18px&#8221; background_color=&#8221;#FFFFFF&#8221; custom_margin=&#8221;-30px||||false|false&#8221; custom_padding=&#8221;|20px|20px|20px|false|false&#8221; border_radii=&#8221;off|||20px|20px&#8221; box_shadow_style=&#8221;preset1&#8243; box_shadow_vertical=&#8221;18px&#8221; box_shadow_blur=&#8221;40px&#8221; box_shadow_spread=&#8221;-25px&#8221; global_colors_info=&#8221;{}&#8221;]<p>La fine del mercato tutelato \u00e8 fissata per il 2024: non farti trovare impreparato e scopri cosa significa per le tue bollette.<\/p>[\/et_pb_text][\/et_pb_column][\/et_pb_row][et_pb_row _builder_version=&#8221;4.17.0&#8243; width_tablet=&#8221;&#8221; width_phone=&#8221;90%&#8221; width_last_edited=&#8221;on|phone&#8221; locked=&#8221;off&#8221; global_colors_info=&#8221;{}&#8221;][et_pb_column type=&#8221;4_4&#8243; _builder_version=&#8221;4.16&#8243; global_colors_info=&#8221;{}&#8221;][et_pb_text _builder_version=&#8221;4.26.0&#8243; _module_preset=&#8221;default&#8221; header_2_font=&#8221;Rubik|700|||||||&#8221; global_colors_info=&#8221;{}&#8221;]<h2 style=\"text-align: left;\">\u231b I fornitori del Servizio a Tutele Graduali<\/h2>[\/et_pb_text][\/et_pb_column][\/et_pb_row][et_pb_row column_structure=&#8221;1_3,1_3,1_3&#8243; _builder_version=&#8221;4.17.0&#8243; width_tablet=&#8221;&#8221; width_phone=&#8221;90%&#8221; width_last_edited=&#8221;on|phone&#8221; locked=&#8221;off&#8221; global_colors_info=&#8221;{}&#8221;][et_pb_column type=&#8221;1_3&#8243; _builder_version=&#8221;4.26.0&#8243; _module_preset=&#8221;default&#8221; global_colors_info=&#8221;{}&#8221;][et_pb_image src=&#8221;https:\/\/www.switcho.it\/blog\/wp-content\/uploads\/2024\/06\/Aste-STG-piccole-imprese.png&#8221; alt=&#8221;Aste STG piccole imprese&#8221; title_text=&#8221;Aste STG piccole imprese&#8221; url=&#8221;https:\/\/www.switcho.it\/blog\/luce-gas\/esito-aste-stg-piccole-imprese\/&#8221; show_bottom_space=&#8221;off&#8221; align=&#8221;center&#8221; _builder_version=&#8221;4.26.0&#8243; _module_preset=&#8221;default&#8221; min_height=&#8221;183.9px&#8221; border_radii=&#8221;off|20px|20px||&#8221; box_shadow_style=&#8221;preset1&#8243; box_shadow_blur=&#8221;20px&#8221; box_shadow_spread=&#8221;-10px&#8221; locked=&#8221;off&#8221; global_colors_info=&#8221;{}&#8221;][\/et_pb_image][et_pb_text _builder_version=&#8221;4.26.0&#8243; _module_preset=&#8221;default&#8221; text_font=&#8221;Inter||||||||&#8221; text_text_color=&#8221;#2364AE&#8221; text_font_size=&#8221;13px&#8221; link_text_color=&#8221;#2364AE&#8221; header_2_font=&#8221;Rubik|700|||||||&#8221; header_2_font_size=&#8221;18px&#8221; background_color=&#8221;#FFFFFF&#8221; custom_margin=&#8221;||||false|false&#8221; custom_padding=&#8221;30px|20px|8px|20px|false|false&#8221; link_option_url=&#8221;https:\/\/www.switcho.it\/blog\/luce-gas\/esito-aste-stg-piccole-imprese\/&#8221; box_shadow_style=&#8221;preset1&#8243; box_shadow_vertical=&#8221;6px&#8221; box_shadow_blur=&#8221;20px&#8221; box_shadow_spread=&#8221;-10px&#8221; locked=&#8221;off&#8221; global_colors_info=&#8221;{}&#8221;]<h2 class=\"entry-title\">L\u2019esito delle aste del Servizio a Tutele Graduali per le piccole imprese<\/h2>\n<p>14 Giu 2024<\/p>[\/et_pb_text][et_pb_text _builder_version=&#8221;4.26.0&#8243; _module_preset=&#8221;default&#8221; text_font=&#8221;Inter||||||||&#8221; text_text_color=&#8221;#2D3748&#8243; header_2_font=&#8221;Rubik|700|||||||&#8221; header_2_font_size=&#8221;18px&#8221; background_color=&#8221;#FFFFFF&#8221; custom_margin=&#8221;-30px||||false|false&#8221; custom_padding=&#8221;|20px|20px|20px|false|false&#8221; border_radii=&#8221;off|||20px|20px&#8221; box_shadow_style=&#8221;preset1&#8243; box_shadow_vertical=&#8221;18px&#8221; box_shadow_blur=&#8221;40px&#8221; box_shadow_spread=&#8221;-25px&#8221; locked=&#8221;off&#8221; global_colors_info=&#8221;{}&#8221;]<p>Pubblicato l&#8217;esito delle aste del Servizio a Tutele Graduali per le piccole imprese: Iren, A2A Energia ed Enel Energia vincono la gara.<\/p>[\/et_pb_text][\/et_pb_column][et_pb_column type=&#8221;1_3&#8243; _builder_version=&#8221;4.16&#8243; global_colors_info=&#8221;{}&#8221;][et_pb_image src=&#8221;https:\/\/www.switcho.it\/blog\/wp-content\/uploads\/2024\/03\/esito-aste-tutele-graduali-fornitori.png&#8221; alt=&#8221;esito aste tutele graduali fornitori&#8221; title_text=&#8221;esito aste tutele graduali fornitori&#8221; url=&#8221;https:\/\/www.switcho.it\/blog\/luce-gas\/esito-aste-stg-classifica-fornitori\/&#8221; show_bottom_space=&#8221;off&#8221; align=&#8221;center&#8221; _builder_version=&#8221;4.24.2&#8243; _module_preset=&#8221;default&#8221; min_height=&#8221;183.9px&#8221; border_radii=&#8221;off|20px|20px||&#8221; box_shadow_style=&#8221;preset1&#8243; box_shadow_blur=&#8221;20px&#8221; box_shadow_spread=&#8221;-10px&#8221; locked=&#8221;off&#8221; global_colors_info=&#8221;{}&#8221;][\/et_pb_image][et_pb_text _builder_version=&#8221;4.24.2&#8243; _module_preset=&#8221;default&#8221; text_font=&#8221;Inter||||||||&#8221; text_text_color=&#8221;#2364AE&#8221; text_font_size=&#8221;13px&#8221; link_text_color=&#8221;#2364AE&#8221; header_2_font=&#8221;Rubik|700|||||||&#8221; header_2_font_size=&#8221;18px&#8221; background_color=&#8221;#FFFFFF&#8221; custom_margin=&#8221;||||false|false&#8221; custom_padding=&#8221;30px|20px|8px|20px|false|false&#8221; link_option_url=&#8221;https:\/\/www.switcho.it\/blog\/luce-gas\/esito-aste-stg-classifica-fornitori\/&#8221; box_shadow_style=&#8221;preset1&#8243; box_shadow_vertical=&#8221;6px&#8221; box_shadow_blur=&#8221;20px&#8221; box_shadow_spread=&#8221;-10px&#8221; locked=&#8221;off&#8221; global_colors_info=&#8221;{}&#8221;]<h2 class=\"entry-title\">Esito aste Tutele Graduali: quali fornitori ci guadagnano?<\/h2>\n<p>13 Mar 2024<\/p>[\/et_pb_text][et_pb_text _builder_version=&#8221;4.24.2&#8243; _module_preset=&#8221;default&#8221; text_font=&#8221;Inter||||||||&#8221; text_text_color=&#8221;#2D3748&#8243; header_2_font=&#8221;Rubik|700|||||||&#8221; header_2_font_size=&#8221;18px&#8221; background_color=&#8221;#FFFFFF&#8221; custom_margin=&#8221;-30px||||false|false&#8221; custom_padding=&#8221;|20px|20px|20px|false|false&#8221; border_radii=&#8221;off|||20px|20px&#8221; box_shadow_style=&#8221;preset1&#8243; box_shadow_vertical=&#8221;18px&#8221; box_shadow_blur=&#8221;40px&#8221; box_shadow_spread=&#8221;-25px&#8221; locked=&#8221;off&#8221; global_colors_info=&#8221;{}&#8221;]<div class=\"row clearfix content-line\">\n<div class=\"col-xs-9 column content-util\">\n<article>L&#8217;esito delle aste Tutele Graduali ha ridisegnato la mappa dei fornitori di energia. Ecco chi ha guadagnato e perso clienti.<\/article>\n<\/div>\n<\/div>\n<div class=\"row clearfix content-line\"><\/div>[\/et_pb_text][\/et_pb_column][et_pb_column type=&#8221;1_3&#8243; _builder_version=&#8221;4.16&#8243; global_colors_info=&#8221;{}&#8221;][et_pb_image src=&#8221;https:\/\/www.switcho.it\/blog\/wp-content\/uploads\/2024\/01\/aste-energia-elettrica-mercato-tutelato.png&#8221; alt=&#8221;aste energia elettrica mercato tutelato&#8221; title_text=&#8221;aste energia elettrica mercato tutelato&#8221; url=&#8221;https:\/\/www.switcho.it\/blog\/luce-gas\/fornitori-aste-energia\/&#8221; show_bottom_space=&#8221;off&#8221; align=&#8221;center&#8221; _builder_version=&#8221;4.23.1&#8243; _module_preset=&#8221;default&#8221; min_height=&#8221;183.9px&#8221; border_radii=&#8221;off|20px|20px||&#8221; box_shadow_style=&#8221;preset1&#8243; box_shadow_blur=&#8221;20px&#8221; box_shadow_spread=&#8221;-10px&#8221; locked=&#8221;off&#8221; global_colors_info=&#8221;{}&#8221;][\/et_pb_image][et_pb_text _builder_version=&#8221;4.23.1&#8243; _module_preset=&#8221;default&#8221; text_font=&#8221;Inter||||||||&#8221; text_text_color=&#8221;#2364AE&#8221; text_font_size=&#8221;13px&#8221; link_text_color=&#8221;#2364AE&#8221; header_2_font=&#8221;Rubik|700|||||||&#8221; header_2_font_size=&#8221;18px&#8221; background_color=&#8221;#FFFFFF&#8221; custom_margin=&#8221;||||false|false&#8221; custom_padding=&#8221;30px|20px|8px|20px|false|false&#8221; link_option_url=&#8221;https:\/\/www.switcho.it\/blog\/luce-gas\/fornitori-aste-energia\/&#8221; box_shadow_style=&#8221;preset1&#8243; box_shadow_vertical=&#8221;6px&#8221; box_shadow_blur=&#8221;20px&#8221; box_shadow_spread=&#8221;-10px&#8221; locked=&#8221;off&#8221; global_colors_info=&#8221;{}&#8221;]<h2 class=\"entry-title\">Aste energia elettrica: ecco i fornitori dopo la fine della tutela<\/h2>\n<p>19 Gen 2024<\/p>[\/et_pb_text][et_pb_text _builder_version=&#8221;4.24.2&#8243; _module_preset=&#8221;default&#8221; text_font=&#8221;Inter||||||||&#8221; text_text_color=&#8221;#2D3748&#8243; header_2_font=&#8221;Rubik|700|||||||&#8221; header_2_font_size=&#8221;18px&#8221; background_color=&#8221;#FFFFFF&#8221; custom_margin=&#8221;-30px||||false|false&#8221; custom_padding=&#8221;|20px|20px|20px|false|false&#8221; border_radii=&#8221;off|||20px|20px&#8221; box_shadow_style=&#8221;preset1&#8243; box_shadow_vertical=&#8221;18px&#8221; box_shadow_blur=&#8221;40px&#8221; box_shadow_spread=&#8221;-25px&#8221; locked=&#8221;off&#8221; global_colors_info=&#8221;{}&#8221;]<p>Si sono svolte le aste per la selezione dei fornitori del Servizio a Tutele Graduali: chi sono? Ecco l&#8217;elenco delle aziende scelte.<\/p>[\/et_pb_text][\/et_pb_column][\/et_pb_row][et_pb_row _builder_version=&#8221;4.17.0&#8243; width_tablet=&#8221;&#8221; width_phone=&#8221;90%&#8221; width_last_edited=&#8221;on|phone&#8221; locked=&#8221;off&#8221; global_colors_info=&#8221;{}&#8221;][et_pb_column type=&#8221;4_4&#8243; _builder_version=&#8221;4.16&#8243; global_colors_info=&#8221;{}&#8221;][et_pb_text _builder_version=&#8221;4.23&#8243; _module_preset=&#8221;default&#8221; header_2_font=&#8221;Rubik|700|||||||&#8221; global_colors_info=&#8221;{}&#8221;]<h2 style=\"text-align: left;\">\ud83d\udcc8 Prezzi e indici<\/h2>[\/et_pb_text][\/et_pb_column][\/et_pb_row][et_pb_row column_structure=&#8221;1_4,1_4,1_4,1_4&#8243; _builder_version=&#8221;4.23&#8243; _module_preset=&#8221;default&#8221; global_colors_info=&#8221;{}&#8221;][et_pb_column type=&#8221;1_4&#8243; _builder_version=&#8221;4.23&#8243; _module_preset=&#8221;default&#8221; global_colors_info=&#8221;{}&#8221;][et_pb_slider _builder_version=&#8221;4.23&#8243; _module_preset=&#8221;default&#8221; background_image=&#8221;https:\/\/www.switcho.it\/blog\/wp-content\/uploads\/2023\/08\/prezzo-gas-smc-mercato-libero.png&#8221; border_radii=&#8221;on|20px|20px|20px|20px&#8221; global_colors_info=&#8221;{}&#8221;][et_pb_slide use_bg_overlay=&#8221;on&#8221; use_text_overlay=&#8221;off&#8221; _builder_version=&#8221;4.23&#8243; _module_preset=&#8221;default&#8221; header_font=&#8221;Rubik||||||||&#8221; background_image=&#8221;https:\/\/www.switcho.it\/blog\/wp-content\/uploads\/2023\/08\/prezzo-gas-smc-mercato-libero.png&#8221; background_enable_image=&#8221;on&#8221; custom_padding=&#8221;||25px||false|false&#8221; custom_css_free_form=&#8221;selector div {||  border-radius: 20px;||}&#8221; header_text_shadow_style=&#8221;preset5&#8243; global_colors_info=&#8221;{}&#8221; sticky_transition=&#8221;on&#8221;]<h3><a href=\"https:\/\/www.switcho.it\/blog\/luce-gas\/prezzo-gas-mercato-libero\/\">Qual \u00e8 il prezzo Smc del gas nel mercato libero?<\/a><\/h3>[\/et_pb_slide][\/et_pb_slider][\/et_pb_column][et_pb_column type=&#8221;1_4&#8243; _builder_version=&#8221;4.23&#8243; _module_preset=&#8221;default&#8221; global_colors_info=&#8221;{}&#8221;][et_pb_slider _builder_version=&#8221;4.23&#8243; _module_preset=&#8221;default&#8221; background_image=&#8221;https:\/\/www.switcho.it\/blog\/wp-content\/uploads\/2023\/08\/prezzo-gas-smc-mercato-libero.png&#8221; link_option_url=&#8221;https:\/\/www.switcho.it\/blog\/luce-gas\/prezzo-energia-elettrica-kwh\/&#8221; border_radii=&#8221;on|20px|20px|20px|20px&#8221; global_colors_info=&#8221;{}&#8221;][et_pb_slide use_bg_overlay=&#8221;on&#8221; use_text_overlay=&#8221;off&#8221; _builder_version=&#8221;4.23&#8243; _module_preset=&#8221;default&#8221; header_font=&#8221;Rubik||||||||&#8221; background_image=&#8221;https:\/\/www.switcho.it\/blog\/wp-content\/uploads\/2023\/08\/prezzo-energia-mercato-tutelato.png&#8221; background_enable_image=&#8221;on&#8221; custom_padding=&#8221;||25px||false|false&#8221; header_text_shadow_style=&#8221;preset5&#8243; global_colors_info=&#8221;{}&#8221; sticky_transition=&#8221;on&#8221;]<h3><a href=\"https:\/\/www.switcho.it\/blog\/luce-gas\/prezzo-energia-elettrica-kwh\/\">Prezzo energia elettrica al kWh nel mercato tutelato e libero<\/a><\/h3>[\/et_pb_slide][\/et_pb_slider][\/et_pb_column][et_pb_column type=&#8221;1_4&#8243; _builder_version=&#8221;4.23&#8243; _module_preset=&#8221;default&#8221; global_colors_info=&#8221;{}&#8221;][et_pb_slider _builder_version=&#8221;4.27.4&#8243; _module_preset=&#8221;default&#8221; background_image=&#8221;https:\/\/www.switcho.it\/blog\/wp-content\/uploads\/2023\/08\/prezzo-gas-smc-mercato-libero.png&#8221; link_option_url=&#8221;https:\/\/www.switcho.it\/blog\/luce-gas\/pun-energia\/&#8221; hover_enabled=&#8221;0&#8243; border_radii=&#8221;on|20px|20px|20px|20px&#8221; global_colors_info=&#8221;{}&#8221; sticky_enabled=&#8221;0&#8243;][et_pb_slide use_bg_overlay=&#8221;on&#8221; use_text_overlay=&#8221;off&#8221; _builder_version=&#8221;4.27.4&#8243; _module_preset=&#8221;default&#8221; header_font=&#8221;Rubik||||||||&#8221; background_image=&#8221;https:\/\/www.switcho.it\/blog\/wp-content\/uploads\/2023\/04\/pun-energia-oggi.jpg&#8221; background_enable_image=&#8221;on&#8221; custom_padding=&#8221;||25px||false|false&#8221; hover_enabled=&#8221;0&#8243; header_text_shadow_style=&#8221;preset5&#8243; global_colors_info=&#8221;{}&#8221; sticky_transition=&#8221;on&#8221; sticky_enabled=&#8221;0&#8243;]<h3><a href=\"https:\/\/www.switcho.it\/blog\/luce-gas\/pun-energia\/\">PUN energia 2025: quanto vale la luce questo mese?<\/a><\/h3>[\/et_pb_slide][\/et_pb_slider][\/et_pb_column][et_pb_column type=&#8221;1_4&#8243; _builder_version=&#8221;4.23&#8243; _module_preset=&#8221;default&#8221; global_colors_info=&#8221;{}&#8221;][et_pb_slider _builder_version=&#8221;4.27.4&#8243; _module_preset=&#8221;default&#8221; background_image=&#8221;https:\/\/www.switcho.it\/blog\/wp-content\/uploads\/2023\/08\/prezzo-gas-smc-mercato-libero.png&#8221; link_option_url=&#8221;https:\/\/www.switcho.it\/blog\/luce-gas\/psv-gas\/&#8221; hover_enabled=&#8221;0&#8243; border_radii=&#8221;on|20px|20px|20px|20px&#8221; global_colors_info=&#8221;{}&#8221; sticky_enabled=&#8221;0&#8243;][et_pb_slide use_bg_overlay=&#8221;on&#8221; use_text_overlay=&#8221;off&#8221; _builder_version=&#8221;4.27.4&#8243; _module_preset=&#8221;default&#8221; header_font=&#8221;Rubik||||||||&#8221; background_image=&#8221;https:\/\/www.switcho.it\/blog\/wp-content\/uploads\/2023\/04\/psv-gas-oggi.png&#8221; background_enable_image=&#8221;on&#8221; custom_padding=&#8221;||25px||false|false&#8221; hover_enabled=&#8221;0&#8243; header_text_shadow_style=&#8221;preset5&#8243; global_colors_info=&#8221;{}&#8221; sticky_transition=&#8221;on&#8221; sticky_enabled=&#8221;0&#8243;]<h3><a href=\"https:\/\/www.switcho.it\/blog\/luce-gas\/psv-gas\/\">PSV gas 2025: qual \u00e8 il prezzo del gas questo mese?<\/a><\/h3>[\/et_pb_slide][\/et_pb_slider][\/et_pb_column][\/et_pb_row][et_pb_row _builder_version=&#8221;4.17.0&#8243; width_tablet=&#8221;&#8221; width_phone=&#8221;90%&#8221; width_last_edited=&#8221;on|phone&#8221; locked=&#8221;off&#8221; global_colors_info=&#8221;{}&#8221;][et_pb_column type=&#8221;4_4&#8243; _builder_version=&#8221;4.16&#8243; global_colors_info=&#8221;{}&#8221;][et_pb_text _builder_version=&#8221;4.23&#8243; _module_preset=&#8221;default&#8221; header_2_font=&#8221;Rubik|700|||||||&#8221; global_colors_info=&#8221;{}&#8221;]<h2 style=\"text-align: left;\">\ud83d\udcd6\u00a0Guide per passare al mercato libero<\/h2>[\/et_pb_text][\/et_pb_column][\/et_pb_row][et_pb_row column_structure=&#8221;1_3,1_3,1_3&#8243; _builder_version=&#8221;4.17.0&#8243; width_tablet=&#8221;&#8221; width_phone=&#8221;90%&#8221; width_last_edited=&#8221;on|phone&#8221; locked=&#8221;off&#8221; global_colors_info=&#8221;{}&#8221;][et_pb_column type=&#8221;1_3&#8243; _builder_version=&#8221;4.16&#8243; global_colors_info=&#8221;{}&#8221;][et_pb_image src=&#8221;https:\/\/www.switcho.it\/blog\/wp-content\/uploads\/2023\/12\/come-capire-se-sei-nel-libero-o-tutelato.png&#8221; alt=&#8221;come capire se sei nel libero o tutelato&#8221; title_text=&#8221;come capire se sei nel libero o tutelato&#8221; url=&#8221;https:\/\/www.switcho.it\/blog\/luce-gas\/capire-mercato-tutelato-libero\/&#8221; show_bottom_space=&#8221;off&#8221; align=&#8221;center&#8221; _builder_version=&#8221;4.23.1&#8243; _module_preset=&#8221;default&#8221; min_height=&#8221;183.9px&#8221; border_radii=&#8221;off|20px|20px||&#8221; box_shadow_style=&#8221;preset1&#8243; box_shadow_blur=&#8221;20px&#8221; box_shadow_spread=&#8221;-10px&#8221; locked=&#8221;off&#8221; global_colors_info=&#8221;{}&#8221;][\/et_pb_image][et_pb_text _builder_version=&#8221;4.23.1&#8243; _module_preset=&#8221;default&#8221; text_font=&#8221;Inter||||||||&#8221; text_text_color=&#8221;#2364AE&#8221; text_font_size=&#8221;13px&#8221; link_text_color=&#8221;#2364AE&#8221; header_2_font=&#8221;Rubik|700|||||||&#8221; header_2_font_size=&#8221;18px&#8221; background_color=&#8221;#FFFFFF&#8221; custom_margin=&#8221;||||false|false&#8221; custom_padding=&#8221;30px|20px|8px|20px|false|false&#8221; link_option_url=&#8221;https:\/\/www.switcho.it\/blog\/luce-gas\/capire-mercato-tutelato-libero\/&#8221; box_shadow_style=&#8221;preset1&#8243; box_shadow_vertical=&#8221;6px&#8221; box_shadow_blur=&#8221;20px&#8221; box_shadow_spread=&#8221;-10px&#8221; locked=&#8221;off&#8221; global_colors_info=&#8221;{}&#8221;]<h2 class=\"entry-title\">5 modi per capire se hai un contratto nel mercato libero o tutelato<\/h2>\n<p>1 Dic 2023<\/p>[\/et_pb_text][et_pb_text _builder_version=&#8221;4.23.1&#8243; _module_preset=&#8221;default&#8221; text_font=&#8221;Inter||||||||&#8221; text_text_color=&#8221;#2D3748&#8243; header_2_font=&#8221;Rubik|700|||||||&#8221; header_2_font_size=&#8221;18px&#8221; background_color=&#8221;#FFFFFF&#8221; custom_margin=&#8221;-30px||||false|false&#8221; custom_padding=&#8221;|20px|20px|20px|false|false&#8221; border_radii=&#8221;off|||20px|20px&#8221; box_shadow_style=&#8221;preset1&#8243; box_shadow_vertical=&#8221;18px&#8221; box_shadow_blur=&#8221;40px&#8221; box_shadow_spread=&#8221;-25px&#8221; locked=&#8221;off&#8221; global_colors_info=&#8221;{}&#8221;]<p>Ecco dove leggere in bolletta il mercato di appartenenza (libero o tutelato) e a chi rivolgersi se non la trovi.<\/p>[\/et_pb_text][\/et_pb_column][et_pb_column type=&#8221;1_3&#8243; _builder_version=&#8221;4.16&#8243; global_colors_info=&#8221;{}&#8221;][et_pb_image src=&#8221;https:\/\/www.switcho.it\/blog\/wp-content\/uploads\/2021\/09\/scegliere-mercato-tutelato-libero-e1630583752646.png&#8221; alt=&#8221;scegliere mercato tutelato libero luce gas&#8221; title_text=&#8221;scegliere mercato tutelato libero&#8221; url=&#8221;https:\/\/www.switcho.it\/blog\/luce-gas\/differenze-mercato-tutelato-libero\/&#8221; show_bottom_space=&#8221;off&#8221; align=&#8221;center&#8221; _builder_version=&#8221;4.23&#8243; _module_preset=&#8221;default&#8221; min_height=&#8221;183.9px&#8221; border_radii=&#8221;off|20px|20px||&#8221; box_shadow_style=&#8221;preset1&#8243; box_shadow_blur=&#8221;20px&#8221; box_shadow_spread=&#8221;-10px&#8221; global_colors_info=&#8221;{}&#8221;][\/et_pb_image][et_pb_text _builder_version=&#8221;4.23&#8243; _module_preset=&#8221;default&#8221; text_font=&#8221;Inter||||||||&#8221; text_text_color=&#8221;#2364AE&#8221; text_font_size=&#8221;13px&#8221; link_text_color=&#8221;#2364AE&#8221; header_2_font=&#8221;Rubik|700|||||||&#8221; header_2_font_size=&#8221;18px&#8221; background_color=&#8221;#FFFFFF&#8221; custom_margin=&#8221;||||false|false&#8221; custom_padding=&#8221;30px|20px|8px|20px|false|false&#8221; link_option_url=&#8221;https:\/\/www.switcho.it\/blog\/luce-gas\/differenze-mercato-tutelato-libero\/&#8221; box_shadow_style=&#8221;preset1&#8243; box_shadow_vertical=&#8221;6px&#8221; box_shadow_blur=&#8221;20px&#8221; box_shadow_spread=&#8221;-10px&#8221; global_colors_info=&#8221;{}&#8221;]<h2 class=\"entry-title\">Mercato libero o tutelato? Differenze, scadenze e cosa \u00e8 meglio<\/h2>\n<p>20 Ott 2023<\/p>[\/et_pb_text][et_pb_text _builder_version=&#8221;4.23&#8243; _module_preset=&#8221;default&#8221; text_font=&#8221;Inter||||||||&#8221; text_text_color=&#8221;#2D3748&#8243; header_2_font=&#8221;Rubik|700|||||||&#8221; header_2_font_size=&#8221;18px&#8221; background_color=&#8221;#FFFFFF&#8221; custom_margin=&#8221;-30px||||false|false&#8221; custom_padding=&#8221;|20px|20px|20px|false|false&#8221; border_radii=&#8221;off|||20px|20px&#8221; box_shadow_style=&#8221;preset1&#8243; box_shadow_vertical=&#8221;18px&#8221; box_shadow_blur=&#8221;40px&#8221; box_shadow_spread=&#8221;-25px&#8221; global_colors_info=&#8221;{}&#8221;]<p>Scopri tutte le differenze tra mercato libero e tutelato di energia e gas: quali sono le tariffe, i prezzi pi\u00f9 convenienti e le scadenze?<\/p>[\/et_pb_text][\/et_pb_column][et_pb_column type=&#8221;1_3&#8243; _builder_version=&#8221;4.16&#8243; global_colors_info=&#8221;{}&#8221;][et_pb_image src=&#8221;https:\/\/www.switcho.it\/blog\/wp-content\/uploads\/2023\/09\/\u270d\ufe0f-Immagini-copertina-articoli-blog-1.png&#8221; alt=&#8221;mercato libero energia confronto prezzi&#8221; title_text=&#8221;mercato libero energia confronto prezzi&#8221; url=&#8221;https:\/\/www.switcho.it\/blog\/luce-gas\/mercato-libero-confronto-prezzi\/&#8221; show_bottom_space=&#8221;off&#8221; align=&#8221;center&#8221; _builder_version=&#8221;4.23&#8243; _module_preset=&#8221;default&#8221; min_height=&#8221;183.9px&#8221; border_radii=&#8221;off|20px|20px||&#8221; box_shadow_style=&#8221;preset1&#8243; box_shadow_blur=&#8221;20px&#8221; box_shadow_spread=&#8221;-10px&#8221; global_colors_info=&#8221;{}&#8221;][\/et_pb_image][et_pb_text _builder_version=&#8221;4.23&#8243; _module_preset=&#8221;default&#8221; text_font=&#8221;Inter||||||||&#8221; text_text_color=&#8221;#2364AE&#8221; text_font_size=&#8221;13px&#8221; link_text_color=&#8221;#2364AE&#8221; header_2_font=&#8221;Rubik|700|||||||&#8221; header_2_font_size=&#8221;18px&#8221; background_color=&#8221;#FFFFFF&#8221; custom_margin=&#8221;||||false|false&#8221; custom_padding=&#8221;30px|20px|8px|20px|false|false&#8221; link_option_url=&#8221;https:\/\/www.switcho.it\/blog\/luce-gas\/mercato-libero-confronto-prezzi\/&#8221; box_shadow_style=&#8221;preset1&#8243; box_shadow_vertical=&#8221;6px&#8221; box_shadow_blur=&#8221;20px&#8221; box_shadow_spread=&#8221;-10px&#8221; global_colors_info=&#8221;{}&#8221;]<h2 class=\"entry-title\">Mercato libero: confronta i prezzi di energia e gas<\/h2>\n<p>13 Nov 2023<\/p>[\/et_pb_text][et_pb_text _builder_version=&#8221;4.23&#8243; _module_preset=&#8221;default&#8221; text_font=&#8221;Inter||||||||&#8221; text_text_color=&#8221;#2D3748&#8243; header_2_font=&#8221;Rubik|700|||||||&#8221; header_2_font_size=&#8221;18px&#8221; background_color=&#8221;#FFFFFF&#8221; custom_margin=&#8221;-30px||||false|false&#8221; custom_padding=&#8221;|20px|20px|20px|false|false&#8221; border_radii=&#8221;off|||20px|20px&#8221; box_shadow_style=&#8221;preset1&#8243; box_shadow_vertical=&#8221;18px&#8221; box_shadow_blur=&#8221;40px&#8221; box_shadow_spread=&#8221;-25px&#8221; global_colors_info=&#8221;{}&#8221;]<p>Vuoi fare un confronto dei prezzi nel mercato libero dell\u2019energia? Leggi la nostra guida e scopri quale offerta luce e gas \u00e8 la migliore per te.<\/p>[\/et_pb_text][\/et_pb_column][\/et_pb_row][et_pb_row column_structure=&#8221;1_3,1_3,1_3&#8243; _builder_version=&#8221;4.17.0&#8243; width_tablet=&#8221;&#8221; width_phone=&#8221;90%&#8221; width_last_edited=&#8221;on|phone&#8221; locked=&#8221;off&#8221; global_colors_info=&#8221;{}&#8221;][et_pb_column type=&#8221;1_3&#8243; _builder_version=&#8221;4.16&#8243; global_colors_info=&#8221;{}&#8221;][et_pb_image src=&#8221;https:\/\/www.switcho.it\/blog\/wp-content\/uploads\/2023\/08\/passare-al-mercato-libero-conviene.png&#8221; alt=&#8221;conviene passare al mercato libero ora&#8221; title_text=&#8221;passare al mercato libero conviene&#8221; url=&#8221;https:\/\/www.switcho.it\/blog\/luce-gas\/mercato-libero-conviene\/&#8221; show_bottom_space=&#8221;off&#8221; align=&#8221;center&#8221; _builder_version=&#8221;4.23&#8243; _module_preset=&#8221;default&#8221; min_height=&#8221;183.9px&#8221; border_radii=&#8221;off|20px|20px||&#8221; box_shadow_style=&#8221;preset1&#8243; box_shadow_blur=&#8221;20px&#8221; box_shadow_spread=&#8221;-10px&#8221; global_colors_info=&#8221;{}&#8221;][\/et_pb_image][et_pb_text _builder_version=&#8221;4.23&#8243; _module_preset=&#8221;default&#8221; text_font=&#8221;Inter||||||||&#8221; text_text_color=&#8221;#2364AE&#8221; text_font_size=&#8221;13px&#8221; link_text_color=&#8221;#2364AE&#8221; header_2_font=&#8221;Rubik|700|||||||&#8221; header_2_font_size=&#8221;18px&#8221; background_color=&#8221;#FFFFFF&#8221; custom_margin=&#8221;||||false|false&#8221; custom_padding=&#8221;30px|20px|8px|20px|false|false&#8221; link_option_url=&#8221;https:\/\/www.switcho.it\/blog\/luce-gas\/mercato-libero-conviene\/&#8221; box_shadow_style=&#8221;preset1&#8243; box_shadow_vertical=&#8221;6px&#8221; box_shadow_blur=&#8221;20px&#8221; box_shadow_spread=&#8221;-10px&#8221; global_colors_info=&#8221;{}&#8221;]<h2 class=\"entry-title\">Conviene passare al mercato libero ora? Facciamo il punto<\/h2>\n<p>11 Ago 2023<\/p>[\/et_pb_text][et_pb_text _builder_version=&#8221;4.23&#8243; _module_preset=&#8221;default&#8221; text_font=&#8221;Inter||||||||&#8221; text_text_color=&#8221;#2D3748&#8243; header_2_font=&#8221;Rubik|700|||||||&#8221; header_2_font_size=&#8221;18px&#8221; background_color=&#8221;#FFFFFF&#8221; custom_margin=&#8221;-30px||||false|false&#8221; custom_padding=&#8221;|20px|20px|20px|false|false&#8221; border_radii=&#8221;off|||20px|20px&#8221; box_shadow_style=&#8221;preset1&#8243; box_shadow_vertical=&#8221;18px&#8221; box_shadow_blur=&#8221;40px&#8221; box_shadow_spread=&#8221;-25px&#8221; global_colors_info=&#8221;{}&#8221;]<p>Il mercato tutelato sta per finire: \u00e8 il momento giusto per passare al libero? Conviene fare questo passaggio ora? Scoprilo qui.<\/p>[\/et_pb_text][\/et_pb_column][et_pb_column type=&#8221;1_3&#8243; _builder_version=&#8221;4.16&#8243; global_colors_info=&#8221;{}&#8221;][et_pb_image src=&#8221;https:\/\/www.switcho.it\/blog\/wp-content\/uploads\/2023\/05\/mercato-libero-energia.png&#8221; alt=&#8221;decreto energia settembre 2023 bonus bolletta&#8221; title_text=&#8221;mercato libero energia&#8221; url=&#8221;https:\/\/www.switcho.it\/blog\/luce-gas\/mercato-libero-energia\/&#8221; show_bottom_space=&#8221;off&#8221; align=&#8221;center&#8221; _builder_version=&#8221;4.23&#8243; _module_preset=&#8221;default&#8221; min_height=&#8221;183.9px&#8221; border_radii=&#8221;off|20px|20px||&#8221; box_shadow_style=&#8221;preset1&#8243; box_shadow_blur=&#8221;20px&#8221; box_shadow_spread=&#8221;-10px&#8221; global_colors_info=&#8221;{}&#8221;][\/et_pb_image][et_pb_text _builder_version=&#8221;4.26.0&#8243; _module_preset=&#8221;default&#8221; text_font=&#8221;Inter||||||||&#8221; text_text_color=&#8221;#2364AE&#8221; text_font_size=&#8221;13px&#8221; link_text_color=&#8221;#2364AE&#8221; header_2_font=&#8221;Rubik|700|||||||&#8221; header_2_font_size=&#8221;18px&#8221; background_color=&#8221;#FFFFFF&#8221; custom_margin=&#8221;||||false|false&#8221; custom_padding=&#8221;30px|20px|8px|20px|false|false&#8221; link_option_url=&#8221;https:\/\/www.switcho.it\/blog\/luce-gas\/mercato-libero-energia\/&#8221; box_shadow_style=&#8221;preset1&#8243; box_shadow_vertical=&#8221;6px&#8221; box_shadow_blur=&#8221;20px&#8221; box_shadow_spread=&#8221;-10px&#8221; global_colors_info=&#8221;{}&#8221;]<h2 class=\"entry-title\">Cos\u2019\u00e8 il mercato libero dell\u2019energia e del gas? Tariffe e condizioni<\/h2>\n<p>12 Mag 2023<\/p>[\/et_pb_text][et_pb_text _builder_version=&#8221;4.23&#8243; _module_preset=&#8221;default&#8221; text_font=&#8221;Inter||||||||&#8221; text_text_color=&#8221;#2D3748&#8243; header_2_font=&#8221;Rubik|700|||||||&#8221; header_2_font_size=&#8221;18px&#8221; background_color=&#8221;#FFFFFF&#8221; custom_margin=&#8221;-30px||||false|false&#8221; custom_padding=&#8221;|20px|20px|20px|false|false&#8221; border_radii=&#8221;off|||20px|20px&#8221; box_shadow_style=&#8221;preset1&#8243; box_shadow_vertical=&#8221;18px&#8221; box_shadow_blur=&#8221;40px&#8221; box_shadow_spread=&#8221;-25px&#8221; global_colors_info=&#8221;{}&#8221;]<p>Che cos\u2019\u00e8 e cosa implica il passaggio al mercato libero dell\u2019energia? Leggi questo articolo di approfondimento e scopri tutto il necessario.<\/p>[\/et_pb_text][\/et_pb_column][et_pb_column type=&#8221;1_3&#8243; _builder_version=&#8221;4.16&#8243; global_colors_info=&#8221;{}&#8221;][et_pb_image src=&#8221;https:\/\/www.switcho.it\/blog\/wp-content\/uploads\/2022\/04\/Mercato-Libero-Energia-Obbligatorio.jpg&#8221; alt=&#8221;Mercato Libero Energia Obbligatorio&#8221; title_text=&#8221;Mercato Libero Energia Obbligatorio&#8221; url=&#8221;https:\/\/www.switcho.it\/blog\/luce-gas\/mercato-libero-energia-obbligatorio\/&#8221; show_bottom_space=&#8221;off&#8221; align=&#8221;center&#8221; _builder_version=&#8221;4.23&#8243; _module_preset=&#8221;default&#8221; min_height=&#8221;183.9px&#8221; border_radii=&#8221;off|20px|20px||&#8221; box_shadow_style=&#8221;preset1&#8243; box_shadow_blur=&#8221;20px&#8221; box_shadow_spread=&#8221;-10px&#8221; global_colors_info=&#8221;{}&#8221;][\/et_pb_image][et_pb_text _builder_version=&#8221;4.23&#8243; _module_preset=&#8221;default&#8221; text_font=&#8221;Inter||||||||&#8221; text_text_color=&#8221;#2364AE&#8221; text_font_size=&#8221;13px&#8221; link_text_color=&#8221;#2364AE&#8221; header_2_font=&#8221;Rubik|700|||||||&#8221; header_2_font_size=&#8221;18px&#8221; background_color=&#8221;#FFFFFF&#8221; custom_margin=&#8221;||||false|false&#8221; custom_padding=&#8221;30px|20px|8px|20px|false|false&#8221; link_option_url=&#8221;https:\/\/www.switcho.it\/blog\/luce-gas\/mercato-libero-energia-obbligatorio\/&#8221; box_shadow_style=&#8221;preset1&#8243; box_shadow_vertical=&#8221;6px&#8221; box_shadow_blur=&#8221;20px&#8221; box_shadow_spread=&#8221;-10px&#8221; global_colors_info=&#8221;{}&#8221;]<h2 class=\"entry-title\">Passaggio al mercato libero dell\u2019energia: quando \u00e8 obbligatorio?<\/h2>\n<p>8 Nov 2023<\/p>[\/et_pb_text][et_pb_text _builder_version=&#8221;4.23&#8243; _module_preset=&#8221;default&#8221; text_font=&#8221;Inter||||||||&#8221; text_text_color=&#8221;#2D3748&#8243; header_2_font=&#8221;Rubik|700|||||||&#8221; header_2_font_size=&#8221;18px&#8221; background_color=&#8221;#FFFFFF&#8221; custom_margin=&#8221;-30px||||false|false&#8221; custom_padding=&#8221;|20px|20px|20px|false|false&#8221; border_radii=&#8221;off|||20px|20px&#8221; box_shadow_style=&#8221;preset1&#8243; box_shadow_vertical=&#8221;18px&#8221; box_shadow_blur=&#8221;40px&#8221; box_shadow_spread=&#8221;-25px&#8221; global_colors_info=&#8221;{}&#8221;]<p>La fine del mercato tutelato si avvicina: scopri ci\u00f2 che devi sapere sul passaggio al mercato libero dell\u2019energia, obbligatorio dal 2024.<\/p>[\/et_pb_text][\/et_pb_column][\/et_pb_row][et_pb_row _builder_version=&#8221;4.17.0&#8243; width_tablet=&#8221;&#8221; width_phone=&#8221;90%&#8221; width_last_edited=&#8221;on|phone&#8221; locked=&#8221;off&#8221; global_colors_info=&#8221;{}&#8221;][et_pb_column type=&#8221;4_4&#8243; _builder_version=&#8221;4.16&#8243; global_colors_info=&#8221;{}&#8221;][et_pb_text _builder_version=&#8221;4.23&#8243; _module_preset=&#8221;default&#8221; header_2_font=&#8221;Rubik|700|||||||&#8221; global_colors_info=&#8221;{}&#8221;]<h2 style=\"text-align: left;\">\ud83d\udce2\u00a0Novit\u00e0 ARERA<\/h2>[\/et_pb_text][\/et_pb_column][\/et_pb_row][et_pb_row _builder_version=&#8221;4.23&#8243; _module_preset=&#8221;default&#8221; global_colors_info=&#8221;{}&#8221;][et_pb_column type=&#8221;4_4&#8243; _builder_version=&#8221;4.23&#8243; _module_preset=&#8221;default&#8221; global_colors_info=&#8221;{}&#8221;][et_pb_slider use_bg_overlay=&#8221;on&#8221; _builder_version=&#8221;4.27.4&#8243; _module_preset=&#8221;default&#8221; body_font=&#8221;||||||||&#8221; background_image=&#8221;https:\/\/www.switcho.it\/blog\/wp-content\/uploads\/2023\/04\/tariffe-arera-luce-e-gas.png&#8221; hover_enabled=&#8221;0&#8243; custom_css_free_form=&#8221;selector div {||  border-radius: 20px;||}&#8221; global_colors_info=&#8221;{}&#8221; sticky_enabled=&#8221;0&#8243;][et_pb_slide _builder_version=&#8221;4.27.4&#8243; _module_preset=&#8221;default&#8221; header_font=&#8221;Rubik|600|||||||&#8221; body_font=&#8221;Inter||||||||&#8221; body_font_size=&#8221;18px&#8221; custom_padding=&#8221;||||false|false&#8221; link_option_url=&#8221;https:\/\/www.switcho.it\/blog\/luce-gas\/tariffe-arera\/&#8221; hover_enabled=&#8221;0&#8243; custom_css_slide_title=&#8221;margin-bottom:15px;&#8221; global_colors_info=&#8221;{}&#8221; sticky_transition=&#8221;on&#8221; sticky_enabled=&#8221;0&#8243;]<h2 style=\"font-size: 48px; font-family: Rubik;\"><a href=\"https:\/\/www.switcho.it\/blog\/luce-gas\/tariffe-arera\/\">Tariffe ARERA 2025 luce e gas: confronto prezzi in maggior tutela<\/a><\/h2>\n<p>Quanto costano l\u2019energia elettrica e il gas nel mercato tutelato? Scopri le tariffe ARERA attuali rispetto a quelle del mercato libero.<\/p>[\/et_pb_slide][\/et_pb_slider][\/et_pb_column][\/et_pb_row][et_pb_row custom_padding_last_edited=&#8221;on|tablet&#8221; _builder_version=&#8221;4.17.0&#8243; _module_preset=&#8221;default&#8221; width_tablet=&#8221;&#8221; width_phone=&#8221;90%&#8221; width_last_edited=&#8221;on|phone&#8221; custom_margin_tablet=&#8221;&#8221; custom_margin_phone=&#8221;||||false|false&#8221; custom_margin_last_edited=&#8221;on|phone&#8221; custom_padding=&#8221;||0px||false|false&#8221; custom_padding_tablet=&#8221;||0px||false|false&#8221; custom_padding_phone=&#8221;||0px||false|false&#8221; locked=&#8221;off&#8221; global_colors_info=&#8221;{}&#8221;][et_pb_column type=&#8221;4_4&#8243; _builder_version=&#8221;4.17.0&#8243; _module_preset=&#8221;default&#8221; global_colors_info=&#8221;{}&#8221;][et_pb_blog fullwidth=&#8221;off&#8221; posts_number=&#8221;3&#8243; include_categories=&#8221;163&#8243; meta_date=&#8221;j M Y&#8221; excerpt_length=&#8221;120&#8243; show_author=&#8221;off&#8221; show_categories=&#8221;off&#8221; show_pagination=&#8221;off&#8221; _builder_version=&#8221;4.23&#8243; header_font=&#8221;Rubik|700|||||||&#8221; header_text_color=&#8221;#2D3748&#8243; body_font=&#8221;Inter|500|||||||&#8221; body_text_color=&#8221;#2D3748&#8243; meta_font=&#8221;Inter||||||||&#8221; meta_text_color=&#8221;#2364AE&#8221; meta_font_size=&#8221;13px&#8221; read_more_font=&#8221;Raleway|600|||on|||#2D3748|&#8221; read_more_text_color=&#8221;#985e6d&#8221; pagination_font=&#8221;Inter||||||||&#8221; pagination_text_color=&#8221;#2364AE&#8221; pagination_font_size=&#8221;18px&#8221; pagination_line_height=&#8221;2.4em&#8221; border_radii=&#8221;on|20px|20px|20px|20px&#8221; border_width_all=&#8221;0px&#8221; box_shadow_style=&#8221;preset1&#8243; box_shadow_vertical=&#8221;12px&#8221; box_shadow_blur=&#8221;30px&#8221; box_shadow_spread=&#8221;-20px&#8221; box_shadow_color=&#8221;rgba(25,34,49,0.3)&#8221; global_colors_info=&#8221;{}&#8221;][\/et_pb_blog][\/et_pb_column][\/et_pb_row][et_pb_row _builder_version=&#8221;4.17.0&#8243; width_tablet=&#8221;&#8221; width_phone=&#8221;90%&#8221; width_last_edited=&#8221;on|phone&#8221; locked=&#8221;off&#8221; global_colors_info=&#8221;{}&#8221;][et_pb_column type=&#8221;4_4&#8243; _builder_version=&#8221;4.16&#8243; global_colors_info=&#8221;{}&#8221;][et_pb_text _builder_version=&#8221;4.23&#8243; _module_preset=&#8221;default&#8221; header_2_font=&#8221;Rubik|700|||||||&#8221; global_colors_info=&#8221;{}&#8221;]<h2 style=\"text-align: left;\">\ud83d\udce7\u00a0Fine tutela: le comunicazioni dei fornitori<\/h2>[\/et_pb_text][\/et_pb_column][\/et_pb_row][et_pb_row column_structure=&#8221;1_3,1_3,1_3&#8243; _builder_version=&#8221;4.24.2&#8243; width_tablet=&#8221;&#8221; width_phone=&#8221;90%&#8221; width_last_edited=&#8221;on|phone&#8221; locked=&#8221;off&#8221; global_colors_info=&#8221;{}&#8221;][et_pb_column type=&#8221;1_3&#8243; _builder_version=&#8221;4.16&#8243; global_colors_info=&#8221;{}&#8221;][et_pb_image src=&#8221;https:\/\/www.switcho.it\/blog\/wp-content\/uploads\/2024\/03\/Edison-fine-mercato-tutelato.png&#8221; alt=&#8221;Edison fine mercato tutelato&#8221; title_text=&#8221;Edison fine mercato tutelato&#8221; url=&#8221;https:\/\/www.switcho.it\/blog\/luce-gas\/fine-tutela-edison\/&#8221; show_bottom_space=&#8221;off&#8221; align=&#8221;center&#8221; _builder_version=&#8221;4.24.2&#8243; _module_preset=&#8221;default&#8221; min_height=&#8221;183.9px&#8221; border_radii=&#8221;off|20px|20px||&#8221; box_shadow_style=&#8221;preset1&#8243; box_shadow_blur=&#8221;20px&#8221; box_shadow_spread=&#8221;-10px&#8221; global_colors_info=&#8221;{}&#8221;][\/et_pb_image][et_pb_text _builder_version=&#8221;4.24.2&#8243; _module_preset=&#8221;default&#8221; text_font=&#8221;Inter||||||||&#8221; text_text_color=&#8221;#2364AE&#8221; text_font_size=&#8221;13px&#8221; link_text_color=&#8221;#2364AE&#8221; header_2_font=&#8221;Rubik|700|||||||&#8221; header_2_font_size=&#8221;18px&#8221; background_color=&#8221;#FFFFFF&#8221; custom_margin=&#8221;||||false|false&#8221; custom_padding=&#8221;30px|20px|8px|20px|false|false&#8221; link_option_url=&#8221;https:\/\/www.switcho.it\/blog\/luce-gas\/fine-tutela-edison\/&#8221; box_shadow_style=&#8221;preset1&#8243; box_shadow_vertical=&#8221;6px&#8221; box_shadow_blur=&#8221;20px&#8221; box_shadow_spread=&#8221;-10px&#8221; global_colors_info=&#8221;{}&#8221;]<h2 class=\"entry-title\">Fine mercato tutelato con Edison: cosa fare se sei cliente?<\/h2>\n<p>15 Mar 2024<\/p>[\/et_pb_text][et_pb_text _builder_version=&#8221;4.24.2&#8243; _module_preset=&#8221;default&#8221; text_font=&#8221;Inter||||||||&#8221; text_text_color=&#8221;#2D3748&#8243; header_2_font=&#8221;Rubik|700|||||||&#8221; header_2_font_size=&#8221;18px&#8221; background_color=&#8221;#FFFFFF&#8221; custom_margin=&#8221;-30px||||false|false&#8221; custom_padding=&#8221;|20px|20px|20px|false|false&#8221; border_radii=&#8221;off|||20px|20px&#8221; box_shadow_style=&#8221;preset1&#8243; box_shadow_vertical=&#8221;18px&#8221; box_shadow_blur=&#8221;40px&#8221; box_shadow_spread=&#8221;-25px&#8221; global_colors_info=&#8221;{}&#8221;]<div class=\"row clearfix content-line\">\n<div class=\"col-xs-9 column content-util\">\n<article><span>Il mercato tutelato dell\u2019energia sta giungendo al termine. Cosa devono aspettarsi i clienti vulnerabili e non di Edison?<\/span><\/article>\n<\/div>\n<\/div>\n<div class=\"row clearfix content-line\"><\/div>[\/et_pb_text][\/et_pb_column][et_pb_column type=&#8221;1_3&#8243; _builder_version=&#8221;4.24.2&#8243; _module_preset=&#8221;default&#8221; global_colors_info=&#8221;{}&#8221;][et_pb_image src=&#8221;https:\/\/www.switcho.it\/blog\/wp-content\/uploads\/2024\/03\/Iren-fine-mercato-tutelato.png&#8221; alt=&#8221;Iren fine mercato tutelato&#8221; title_text=&#8221;Iren fine mercato tutelato&#8221; url=&#8221;https:\/\/www.switcho.it\/blog\/luce-gas\/fine-tutela-iren\/&#8221; show_bottom_space=&#8221;off&#8221; align=&#8221;center&#8221; _builder_version=&#8221;4.24.2&#8243; _module_preset=&#8221;default&#8221; min_height=&#8221;183.9px&#8221; border_radii=&#8221;off|20px|20px||&#8221; box_shadow_style=&#8221;preset1&#8243; box_shadow_blur=&#8221;20px&#8221; box_shadow_spread=&#8221;-10px&#8221; global_colors_info=&#8221;{}&#8221;][\/et_pb_image][et_pb_text _builder_version=&#8221;4.24.2&#8243; _module_preset=&#8221;default&#8221; text_font=&#8221;Inter||||||||&#8221; text_text_color=&#8221;#2364AE&#8221; text_font_size=&#8221;13px&#8221; link_text_color=&#8221;#2364AE&#8221; header_2_font=&#8221;Rubik|700|||||||&#8221; header_2_font_size=&#8221;18px&#8221; background_color=&#8221;#FFFFFF&#8221; custom_margin=&#8221;||||false|false&#8221; custom_padding=&#8221;30px|20px|8px|20px|false|false&#8221; link_option_url=&#8221;https:\/\/www.switcho.it\/blog\/luce-gas\/fine-tutela-iren\/&#8221; box_shadow_style=&#8221;preset1&#8243; box_shadow_vertical=&#8221;6px&#8221; box_shadow_blur=&#8221;20px&#8221; box_shadow_spread=&#8221;-10px&#8221; global_colors_info=&#8221;{}&#8221;]<h2 class=\"entry-title\">Cosa fare dopo la fine della maggior tutela Iren?<\/h2>\n<p>15 Mar 2024<\/p>[\/et_pb_text][et_pb_text _builder_version=&#8221;4.24.2&#8243; _module_preset=&#8221;default&#8221; text_font=&#8221;Inter||||||||&#8221; text_text_color=&#8221;#2D3748&#8243; header_2_font=&#8221;Rubik|700|||||||&#8221; header_2_font_size=&#8221;18px&#8221; background_color=&#8221;#FFFFFF&#8221; custom_margin=&#8221;-30px||||false|false&#8221; custom_padding=&#8221;|20px|20px|20px|false|false&#8221; border_radii=&#8221;off|||20px|20px&#8221; box_shadow_style=&#8221;preset1&#8243; box_shadow_vertical=&#8221;18px&#8221; box_shadow_blur=&#8221;40px&#8221; box_shadow_spread=&#8221;-25px&#8221; global_colors_info=&#8221;{}&#8221;]<div class=\"row clearfix content-line\">\n<div class=\"col-xs-9 column content-util\">\n<article><span>In questo articolo puoi leggere tutte le indicazioni su come muoverti con la fine del mercato tutelato Iren.<\/span><\/article>\n<\/div>\n<\/div>\n<div class=\"row clearfix content-line\"><\/div>[\/et_pb_text][\/et_pb_column][et_pb_column type=&#8221;1_3&#8243; _builder_version=&#8221;4.16&#8243; global_colors_info=&#8221;{}&#8221;][et_pb_image src=&#8221;https:\/\/www.switcho.it\/blog\/wp-content\/uploads\/2024\/03\/Fine-mercato-tutelato-hera.png&#8221; alt=&#8221;Fine mercato tutelato hera&#8221; title_text=&#8221;Fine mercato tutelato hera&#8221; url=&#8221;https:\/\/www.switcho.it\/blog\/luce-gas\/fine-tutela-hera\/&#8221; show_bottom_space=&#8221;off&#8221; align=&#8221;center&#8221; _builder_version=&#8221;4.24.2&#8243; _module_preset=&#8221;default&#8221; min_height=&#8221;183.9px&#8221; border_radii=&#8221;off|20px|20px||&#8221; box_shadow_style=&#8221;preset1&#8243; box_shadow_blur=&#8221;20px&#8221; box_shadow_spread=&#8221;-10px&#8221; global_colors_info=&#8221;{}&#8221;][\/et_pb_image][et_pb_text _builder_version=&#8221;4.24.2&#8243; _module_preset=&#8221;default&#8221; text_font=&#8221;Inter||||||||&#8221; text_text_color=&#8221;#2364AE&#8221; text_font_size=&#8221;13px&#8221; link_text_color=&#8221;#2364AE&#8221; header_2_font=&#8221;Rubik|700|||||||&#8221; header_2_font_size=&#8221;18px&#8221; background_color=&#8221;#FFFFFF&#8221; custom_margin=&#8221;||||false|false&#8221; custom_padding=&#8221;30px|20px|8px|20px|false|false&#8221; link_option_url=&#8221;https:\/\/www.switcho.it\/blog\/luce-gas\/fine-tutela-hera\/&#8221; box_shadow_style=&#8221;preset1&#8243; box_shadow_vertical=&#8221;6px&#8221; box_shadow_blur=&#8221;20px&#8221; box_shadow_spread=&#8221;-10px&#8221; global_colors_info=&#8221;{}&#8221;]<h2 class=\"entry-title\">Fine mercato tutelato con Hera: info per i clienti luce e gas<\/h2>\n<p>15 Mar 2024<\/p>[\/et_pb_text][et_pb_text _builder_version=&#8221;4.24.2&#8243; _module_preset=&#8221;default&#8221; text_font=&#8221;Inter||||||||&#8221; text_text_color=&#8221;#2D3748&#8243; header_2_font=&#8221;Rubik|700|||||||&#8221; header_2_font_size=&#8221;18px&#8221; background_color=&#8221;#FFFFFF&#8221; custom_margin=&#8221;-30px||||false|false&#8221; custom_padding=&#8221;|20px|20px|20px|false|false&#8221; border_radii=&#8221;off|||20px|20px&#8221; box_shadow_style=&#8221;preset1&#8243; box_shadow_vertical=&#8221;18px&#8221; box_shadow_blur=&#8221;40px&#8221; box_shadow_spread=&#8221;-25px&#8221; global_colors_info=&#8221;{}&#8221;]<div class=\"row clearfix content-line\">\n<div class=\"col-xs-9 column content-util\">\n<article><span>Con la fine del servizio di tutela luce e gas di Hera nel 2024, cosa succeder\u00e0 ai clienti vulnerabili e non? Scopriamolo in questo articolo.<\/span><\/article>\n<\/div>\n<\/div>\n<div class=\"row clearfix content-line\"><\/div>[\/et_pb_text][\/et_pb_column][\/et_pb_row][et_pb_row column_structure=&#8221;1_3,1_3,1_3&#8243; _builder_version=&#8221;4.17.0&#8243; width_tablet=&#8221;&#8221; width_phone=&#8221;90%&#8221; width_last_edited=&#8221;on|phone&#8221; locked=&#8221;off&#8221; global_colors_info=&#8221;{}&#8221;][et_pb_column type=&#8221;1_3&#8243; _builder_version=&#8221;4.16&#8243; global_colors_info=&#8221;{}&#8221;][et_pb_image src=&#8221;https:\/\/www.switcho.it\/blog\/wp-content\/uploads\/2024\/03\/Enel-fine-mercato-tutelato.png&#8221; alt=&#8221;Enel fine mercato tutelato&#8221; title_text=&#8221;Enel fine mercato tutelato&#8221; url=&#8221;https:\/\/www.switcho.it\/blog\/luce-gas\/fine-tutela-enel\/&#8221; show_bottom_space=&#8221;off&#8221; align=&#8221;center&#8221; _builder_version=&#8221;4.24.2&#8243; _module_preset=&#8221;default&#8221; min_height=&#8221;183.9px&#8221; border_radii=&#8221;off|20px|20px||&#8221; box_shadow_style=&#8221;preset1&#8243; box_shadow_blur=&#8221;20px&#8221; box_shadow_spread=&#8221;-10px&#8221; global_colors_info=&#8221;{}&#8221;][\/et_pb_image][et_pb_text _builder_version=&#8221;4.24.0&#8243; _module_preset=&#8221;default&#8221; text_font=&#8221;Inter||||||||&#8221; text_text_color=&#8221;#2364AE&#8221; text_font_size=&#8221;13px&#8221; link_text_color=&#8221;#2364AE&#8221; header_2_font=&#8221;Rubik|700|||||||&#8221; header_2_font_size=&#8221;18px&#8221; background_color=&#8221;#FFFFFF&#8221; custom_margin=&#8221;||||false|false&#8221; custom_padding=&#8221;30px|20px|8px|20px|false|false&#8221; link_option_url=&#8221;https:\/\/www.switcho.it\/blog\/luce-gas\/fine-tutela-enel\/&#8221; box_shadow_style=&#8221;preset1&#8243; box_shadow_vertical=&#8221;6px&#8221; box_shadow_blur=&#8221;20px&#8221; box_shadow_spread=&#8221;-10px&#8221; global_colors_info=&#8221;{}&#8221;]<h2 class=\"entry-title\">Fine mercato tutelato Enel luce e gas: cosa possono fare i clienti?<\/h2>\n<p>20 Feb 2024<\/p>[\/et_pb_text][et_pb_text _builder_version=&#8221;4.24.0&#8243; _module_preset=&#8221;default&#8221; text_font=&#8221;Inter||||||||&#8221; text_text_color=&#8221;#2D3748&#8243; header_2_font=&#8221;Rubik|700|||||||&#8221; header_2_font_size=&#8221;18px&#8221; background_color=&#8221;#FFFFFF&#8221; custom_margin=&#8221;-30px||||false|false&#8221; custom_padding=&#8221;|20px|20px|20px|false|false&#8221; border_radii=&#8221;off|||20px|20px&#8221; box_shadow_style=&#8221;preset1&#8243; box_shadow_vertical=&#8221;18px&#8221; box_shadow_blur=&#8221;40px&#8221; box_shadow_spread=&#8221;-25px&#8221; global_colors_info=&#8221;{}&#8221;]<div class=\"row clearfix content-line\">\n<div class=\"col-xs-9 column content-util\">\n<article>Cosa succede ai clienti Enel Energia e Servizio Elettrico Nazionale con la fine del mercato tutelato? Scopri tutto ci\u00f2 che serve sapere.<\/article>\n<\/div>\n<\/div>\n<div class=\"row clearfix content-line\"><\/div>[\/et_pb_text][\/et_pb_column][et_pb_column type=&#8221;1_3&#8243; _builder_version=&#8221;4.16&#8243; global_colors_info=&#8221;{}&#8221;][et_pb_image src=&#8221;https:\/\/www.switcho.it\/blog\/wp-content\/uploads\/2024\/03\/a2a-fine-mercato-tutelato.png&#8221; alt=&#8221;a2a fine mercato tutelato&#8221; title_text=&#8221;a2a fine mercato tutelato&#8221; url=&#8221;https:\/\/www.switcho.it\/blog\/luce-gas\/fine-tutela-a2a\/&#8221; show_bottom_space=&#8221;off&#8221; align=&#8221;center&#8221; _builder_version=&#8221;4.24.2&#8243; _module_preset=&#8221;default&#8221; min_height=&#8221;183.9px&#8221; border_radii=&#8221;off|20px|20px||&#8221; box_shadow_style=&#8221;preset1&#8243; box_shadow_blur=&#8221;20px&#8221; box_shadow_spread=&#8221;-10px&#8221; locked=&#8221;off&#8221; global_colors_info=&#8221;{}&#8221;][\/et_pb_image][et_pb_text _builder_version=&#8221;4.24.0&#8243; _module_preset=&#8221;default&#8221; text_font=&#8221;Inter||||||||&#8221; text_text_color=&#8221;#2364AE&#8221; text_font_size=&#8221;13px&#8221; link_text_color=&#8221;#2364AE&#8221; header_2_font=&#8221;Rubik|700|||||||&#8221; header_2_font_size=&#8221;18px&#8221; background_color=&#8221;#FFFFFF&#8221; custom_margin=&#8221;||||false|false&#8221; custom_padding=&#8221;30px|20px|8px|20px|false|false&#8221; link_option_url=&#8221;https:\/\/www.switcho.it\/blog\/luce-gas\/fine-tutela-a2a\/&#8221; box_shadow_style=&#8221;preset1&#8243; box_shadow_vertical=&#8221;6px&#8221; box_shadow_blur=&#8221;20px&#8221; box_shadow_spread=&#8221;-10px&#8221; locked=&#8221;off&#8221; global_colors_info=&#8221;{}&#8221;]<h2 class=\"entry-title\">Fine maggior tutela A2A Energia: ecco cosa succede ai clienti gas e luce<\/h2>\n<p>20 Feb 2024<\/p>[\/et_pb_text][et_pb_text _builder_version=&#8221;4.24.0&#8243; _module_preset=&#8221;default&#8221; text_font=&#8221;Inter||||||||&#8221; text_text_color=&#8221;#2D3748&#8243; header_2_font=&#8221;Rubik|700|||||||&#8221; header_2_font_size=&#8221;18px&#8221; background_color=&#8221;#FFFFFF&#8221; custom_margin=&#8221;-30px||||false|false&#8221; custom_padding=&#8221;|20px|20px|20px|false|false&#8221; border_radii=&#8221;off|||20px|20px&#8221; box_shadow_style=&#8221;preset1&#8243; box_shadow_vertical=&#8221;18px&#8221; box_shadow_blur=&#8221;40px&#8221; box_shadow_spread=&#8221;-25px&#8221; locked=&#8221;off&#8221; global_colors_info=&#8221;{}&#8221;]<p>Scopri tutte le informazioni sulla fine della maggior tutela A2A per il gas (gennaio 2024) e per la luce (luglio 2024).<\/p>[\/et_pb_text][\/et_pb_column][et_pb_column type=&#8221;1_3&#8243; _builder_version=&#8221;4.16&#8243; global_colors_info=&#8221;{}&#8221;][et_pb_image src=&#8221;https:\/\/www.switcho.it\/blog\/wp-content\/uploads\/2024\/03\/Plenitude-fine-mercato-tutelato.png&#8221; alt=&#8221;Plenitude fine mercato tutelato&#8221; title_text=&#8221;Plenitude fine mercato tutelato&#8221; url=&#8221;https:\/\/www.switcho.it\/blog\/luce-gas\/fine-tutela-eni-plenitude\/&#8221; show_bottom_space=&#8221;off&#8221; align=&#8221;center&#8221; _builder_version=&#8221;4.24.2&#8243; _module_preset=&#8221;default&#8221; min_height=&#8221;183.9px&#8221; border_radii=&#8221;off|20px|20px||&#8221; box_shadow_style=&#8221;preset1&#8243; box_shadow_blur=&#8221;20px&#8221; box_shadow_spread=&#8221;-10px&#8221; global_colors_info=&#8221;{}&#8221;][\/et_pb_image][et_pb_text _builder_version=&#8221;4.24.0&#8243; _module_preset=&#8221;default&#8221; text_font=&#8221;Inter||||||||&#8221; text_text_color=&#8221;#2364AE&#8221; text_font_size=&#8221;13px&#8221; link_text_color=&#8221;#2364AE&#8221; header_2_font=&#8221;Rubik|700|||||||&#8221; header_2_font_size=&#8221;18px&#8221; background_color=&#8221;#FFFFFF&#8221; custom_margin=&#8221;||||false|false&#8221; custom_padding=&#8221;30px|20px|8px|20px|false|false&#8221; link_option_url=&#8221;https:\/\/www.switcho.it\/blog\/luce-gas\/fine-tutela-eni-plenitude\/&#8221; box_shadow_style=&#8221;preset1&#8243; box_shadow_vertical=&#8221;6px&#8221; box_shadow_blur=&#8221;20px&#8221; box_shadow_spread=&#8221;-10px&#8221; global_colors_info=&#8221;{}&#8221;]<h2 class=\"entry-title\">Eni Plenitude e fine del mercato tutelato: cosa devono fare i clienti?<\/h2>\n<p>20 Feb 2024<\/p>[\/et_pb_text][et_pb_text _builder_version=&#8221;4.24.0&#8243; _module_preset=&#8221;default&#8221; text_font=&#8221;Inter||||||||&#8221; text_text_color=&#8221;#2D3748&#8243; header_2_font=&#8221;Rubik|700|||||||&#8221; header_2_font_size=&#8221;18px&#8221; background_color=&#8221;#FFFFFF&#8221; custom_margin=&#8221;-30px||||false|false&#8221; custom_padding=&#8221;|20px|20px|20px|false|false&#8221; border_radii=&#8221;off|||20px|20px&#8221; box_shadow_style=&#8221;preset1&#8243; box_shadow_vertical=&#8221;18px&#8221; box_shadow_blur=&#8221;40px&#8221; box_shadow_spread=&#8221;-25px&#8221; global_colors_info=&#8221;{}&#8221;]<div class=\"row clearfix content-line\">\n<div class=\"col-xs-9 column content-util\">\n<article>Con la fine del servizio di tutela di Eni Plenitude nel 2024, per i clienti si aprono diverse strade. Capiamo insieme cosa fare.<\/article>\n<\/div>\n<\/div>\n<div class=\"row clearfix content-line\"><\/div>[\/et_pb_text][\/et_pb_column][\/et_pb_row][et_pb_row column_structure=&#8221;1_3,1_3,1_3&#8243; _builder_version=&#8221;4.24.2&#8243; _module_preset=&#8221;default&#8221; global_colors_info=&#8221;{}&#8221;][et_pb_column type=&#8221;1_3&#8243; _builder_version=&#8221;4.24.2&#8243; _module_preset=&#8221;default&#8221; global_colors_info=&#8221;{}&#8221;][et_pb_image src=&#8221;https:\/\/www.switcho.it\/blog\/wp-content\/uploads\/2024\/03\/Acea-fine-mercato-tutelato.png&#8221; alt=&#8221;Acea fine mercato tutelato&#8221; title_text=&#8221;Acea fine mercato tutelato&#8221; url=&#8221;https:\/\/www.switcho.it\/blog\/luce-gas\/fine-tutela-acea\/&#8221; show_bottom_space=&#8221;off&#8221; align=&#8221;center&#8221; _builder_version=&#8221;4.24.2&#8243; _module_preset=&#8221;default&#8221; min_height=&#8221;183.9px&#8221; border_radii=&#8221;off|20px|20px||&#8221; box_shadow_style=&#8221;preset1&#8243; box_shadow_blur=&#8221;20px&#8221; box_shadow_spread=&#8221;-10px&#8221; locked=&#8221;off&#8221; global_colors_info=&#8221;{}&#8221;][\/et_pb_image][et_pb_text _builder_version=&#8221;4.24.0&#8243; _module_preset=&#8221;default&#8221; text_font=&#8221;Inter||||||||&#8221; text_text_color=&#8221;#2364AE&#8221; text_font_size=&#8221;13px&#8221; link_text_color=&#8221;#2364AE&#8221; header_2_font=&#8221;Rubik|700|||||||&#8221; header_2_font_size=&#8221;18px&#8221; background_color=&#8221;#FFFFFF&#8221; custom_margin=&#8221;||||false|false&#8221; custom_padding=&#8221;30px|20px|8px|20px|false|false&#8221; link_option_url=&#8221;https:\/\/www.switcho.it\/blog\/luce-gas\/fine-tutela-acea\/&#8221; box_shadow_style=&#8221;preset1&#8243; box_shadow_vertical=&#8221;6px&#8221; box_shadow_blur=&#8221;20px&#8221; box_shadow_spread=&#8221;-10px&#8221; locked=&#8221;off&#8221; global_colors_info=&#8221;{}&#8221;]<h2 class=\"entry-title\">Fine della maggior tutela con Acea Energia: cosa succede ora?<\/h2>\n<p>19 Feb 2024<\/p>[\/et_pb_text][et_pb_text _builder_version=&#8221;4.24.0&#8243; _module_preset=&#8221;default&#8221; text_font=&#8221;Inter||||||||&#8221; text_text_color=&#8221;#2D3748&#8243; header_2_font=&#8221;Rubik|700|||||||&#8221; header_2_font_size=&#8221;18px&#8221; background_color=&#8221;#FFFFFF&#8221; custom_margin=&#8221;-30px||||false|false&#8221; custom_padding=&#8221;|20px|20px|20px|false|false&#8221; border_radii=&#8221;off|||20px|20px&#8221; box_shadow_style=&#8221;preset1&#8243; box_shadow_vertical=&#8221;18px&#8221; box_shadow_blur=&#8221;40px&#8221; box_shadow_spread=&#8221;-25px&#8221; locked=&#8221;off&#8221; global_colors_info=&#8221;{}&#8221;]<p>Tutto ci\u00f2 che devi sapere sulla fine della maggior tutela di Acea Energia: dalle scadenze agli iter da seguire per clienti vulnerabili e non.<\/p>[\/et_pb_text][\/et_pb_column][et_pb_column type=&#8221;1_3&#8243; _builder_version=&#8221;4.24.2&#8243; _module_preset=&#8221;default&#8221; global_colors_info=&#8221;{}&#8221;][\/et_pb_column][et_pb_column type=&#8221;1_3&#8243; _builder_version=&#8221;4.24.2&#8243; _module_preset=&#8221;default&#8221; global_colors_info=&#8221;{}&#8221;][\/et_pb_column][\/et_pb_row][\/et_pb_section]\n","protected":false},"excerpt":{"rendered":"<p>Scopri tutti i nostri articoli sul settore energetico: novit\u00e0 sul mercato libero e sul regime di tutela, approfondimenti sul funzionamento delle offerte luce e gas e molto altro.<\/p>\n","protected":false},"author":4,"featured_media":68059,"parent":144536,"menu_order":0,"comment_status":"closed","ping_status":"closed","template":"","meta":{"_et_pb_use_builder":"on","_et_pb_old_content":"<!-- wp:paragraph -->\n<p>Cosa sta succedendo nel settore energetico italiano e internazionale? Quali sono le ultime novit\u00e0 sul mercato libero e sul mercato tutelato? Quali sono le informazioni e i cambiamenti normativi realmente utili da conoscere per i consumatori italiani?<\/p>\n<!-- \/wp:paragraph -->\n\n<!-- wp:paragraph -->\n<p>La nostra missione \u00e8 quella di fornirti un aiuto per comprendere tutto ci\u00f2 che riguarda il mercato dell'energia e che pu\u00f2 influenzare i costi delle tue bollette, e di farlo nel modo pi\u00f9 chiaro e trasparente possibile. A tal fine abbiamo raccolto una lista di articoli e approfondimenti sul tema, che terremo costantemente aggiornata e che continueremo ad ampliare con nuovi consigli. La trovi qui sotto \ud83d\udc47<\/p>\n<!-- \/wp:paragraph -->\n\n<!-- wp:spacer {\"height\":\"40px\"} -->\n<div style=\"height:40px\" aria-hidden=\"true\" class=\"wp-block-spacer\"><\/div>\n<!-- \/wp:spacer -->\n\n<!-- wp:heading -->\n<h2 class=\"wp-block-heading\" id=\"guide-risparmio\"><strong>Tutti gli articoli sul mercato dell'energia<\/strong><\/h2>\n<!-- \/wp:heading -->\n\n<!-- wp:spacer {\"height\":\"20px\"} -->\n<div style=\"height:20px\" aria-hidden=\"true\" class=\"wp-block-spacer\"><\/div>\n<!-- \/wp:spacer -->\n\n<!-- wp:group {\"style\":{\"color\":{\"background\":\"#f7f8fa\"}},\"layout\":{\"type\":\"constrained\"}} -->\n<div class=\"wp-block-group has-background\" style=\"background-color:#f7f8fa\"><!-- wp:latest-posts {\"categories\":[{\"id\":307,\"count\":17,\"description\":\"Novit\u00e0 su mercato libero e regime di tutela, approfondimenti sul funzionamento delle offerte luce e gas e molto altro.\",\"link\":\"https:\/\/www.switcho.it\/blog\/luce-gas\/mercato-energia\/\",\"name\":\"Mercato Energetico\",\"slug\":\"mercato-energia\",\"taxonomy\":\"category\",\"parent\":54,\"meta\":[],\"yoast_head\":\"\\u003c!\\u002d\\u002d This site is optimized with the Yoast SEO plugin v21.2 - https:\/\/yoast.com\/wordpress\/plugins\/seo\/ \\u002d\\u002d\\u003e\\n\\u003ctitle\\u003eMercato Energetico Archivi - Switcho\\u003c\/title\\u003e\\n\\u003c!\\u002d\\u002d Admin only notice: this page does not show a meta description because it does not have one, either write it for this page specifically or go into the [Yoast SEO - Settings] menu and set up a template. \\u002d\\u002d\\u003e\\n\\u003cmeta name=\\u0022robots\\u0022 content=\\u0022index, follow, max-snippet:-1, max-image-preview:large, max-video-preview:-1\\u0022 \/\\u003e\\n\\u003clink rel=\\u0022canonical\\u0022 href=\\u0022https:\/\/www.switcho.it\/blog\/luce-gas\/mercato-energia\/\\u0022 \/\\u003e\\n\\u003cmeta property=\\u0022og:locale\\u0022 content=\\u0022it_IT\\u0022 \/\\u003e\\n\\u003cmeta property=\\u0022og:type\\u0022 content=\\u0022article\\u0022 \/\\u003e\\n\\u003cmeta property=\\u0022og:title\\u0022 content=\\u0022Mercato Energetico Archivi - Switcho\\u0022 \/\\u003e\\n\\u003cmeta property=\\u0022og:description\\u0022 content=\\u0022Novit\u00e0 su mercato libero e regime di tutela, approfondimenti sul funzionamento delle offerte luce e gas e molto altro.\\u0022 \/\\u003e\\n\\u003cmeta property=\\u0022og:url\\u0022 content=\\u0022https:\/\/www.switcho.it\/blog\/luce-gas\/mercato-energia\/\\u0022 \/\\u003e\\n\\u003cmeta property=\\u0022og:site_name\\u0022 content=\\u0022Switcho\\u0022 \/\\u003e\\n\\u003cmeta name=\\u0022twitter:card\\u0022 content=\\u0022summary_large_image\\u0022 \/\\u003e\\n\\u003cscript type=\\u0022application\/ld+json\\u0022 class=\\u0022yoast-schema-graph\\u0022\\u003e{\\u0022@context\\u0022:\\u0022https:\/\/schema.org\\u0022,\\u0022@graph\\u0022:[{\\u0022@type\\u0022:\\u0022CollectionPage\\u0022,\\u0022@id\\u0022:\\u0022https:\/\/www.switcho.it\/blog\/luce-gas\/mercato-energia\/\\u0022,\\u0022url\\u0022:\\u0022https:\/\/www.switcho.it\/blog\/luce-gas\/mercato-energia\/\\u0022,\\u0022name\\u0022:\\u0022Mercato Energetico Archivi - Switcho\\u0022,\\u0022isPartOf\\u0022:{\\u0022@id\\u0022:\\u0022https:\/\/www.switcho.it\/blog\/#website\\u0022},\\u0022breadcrumb\\u0022:{\\u0022@id\\u0022:\\u0022https:\/\/www.switcho.it\/blog\/luce-gas\/mercato-energia\/#breadcrumb\\u0022},\\u0022inLanguage\\u0022:\\u0022en-US\\u0022},{\\u0022@type\\u0022:\\u0022BreadcrumbList\\u0022,\\u0022@id\\u0022:\\u0022https:\/\/www.switcho.it\/blog\/luce-gas\/mercato-energia\/#breadcrumb\\u0022,\\u0022itemListElement\\u0022:[{\\u0022@type\\u0022:\\u0022ListItem\\u0022,\\u0022position\\u0022:1,\\u0022name\\u0022:\\u0022Home\\u0022,\\u0022item\\u0022:\\u0022https:\/\/www.switcho.it\/blog\/\\u0022},{\\u0022@type\\u0022:\\u0022ListItem\\u0022,\\u0022position\\u0022:2,\\u0022name\\u0022:\\u0022Luce e Gas\\u0022,\\u0022item\\u0022:\\u0022https:\/\/www.switcho.it\/blog\/luce-gas\/\\u0022},{\\u0022@type\\u0022:\\u0022ListItem\\u0022,\\u0022position\\u0022:3,\\u0022name\\u0022:\\u0022Mercato Energetico\\u0022}]},{\\u0022@type\\u0022:\\u0022WebSite\\u0022,\\u0022@id\\u0022:\\u0022https:\/\/www.switcho.it\/blog\/#website\\u0022,\\u0022url\\u0022:\\u0022https:\/\/www.switcho.it\/blog\/\\u0022,\\u0022name\\u0022:\\u0022Switcho\\u0022,\\u0022description\\u0022:\\u0022Il blog semplice, per davvero.\\u0022,\\u0022publisher\\u0022:{\\u0022@id\\u0022:\\u0022https:\/\/www.switcho.it\/blog\/#organization\\u0022},\\u0022potentialAction\\u0022:[{\\u0022@type\\u0022:\\u0022SearchAction\\u0022,\\u0022target\\u0022:{\\u0022@type\\u0022:\\u0022EntryPoint\\u0022,\\u0022urlTemplate\\u0022:\\u0022https:\/\/www.switcho.it\/blog\/?s={search_term_string}\\u0022},\\u0022query-input\\u0022:\\u0022required name=search_term_string\\u0022}],\\u0022inLanguage\\u0022:\\u0022en-US\\u0022},{\\u0022@type\\u0022:\\u0022Organization\\u0022,\\u0022@id\\u0022:\\u0022https:\/\/www.switcho.it\/blog\/#organization\\u0022,\\u0022name\\u0022:\\u0022Switcho\\u0022,\\u0022url\\u0022:\\u0022https:\/\/www.switcho.it\/blog\/\\u0022,\\u0022logo\\u0022:{\\u0022@type\\u0022:\\u0022ImageObject\\u0022,\\u0022inLanguage\\u0022:\\u0022en-US\\u0022,\\u0022@id\\u0022:\\u0022https:\/\/www.switcho.it\/blog\/#\/schema\/logo\/image\/\\u0022,\\u0022url\\u0022:\\u0022https:\/\/www.switcho.it\/blog\/wp-content\/uploads\/2021\/03\/Switcho-Logotype-Green.png\\u0022,\\u0022contentUrl\\u0022:\\u0022https:\/\/www.switcho.it\/blog\/wp-content\/uploads\/2021\/03\/Switcho-Logotype-Green.png\\u0022,\\u0022width\\u0022:1507,\\u0022height\\u0022:597,\\u0022caption\\u0022:\\u0022Switcho\\u0022},\\u0022image\\u0022:{\\u0022@id\\u0022:\\u0022https:\/\/www.switcho.it\/blog\/#\/schema\/logo\/image\/\\u0022}}]}\\u003c\/script\\u003e\\n\\u003c!\\u002d\\u002d \/ Yoast SEO plugin. \\u002d\\u002d\\u003e\",\"yoast_head_json\":{\"title\":\"Mercato Energetico Archivi - Switcho\",\"robots\":{\"index\":\"index\",\"follow\":\"follow\",\"max-snippet\":\"max-snippet:-1\",\"max-image-preview\":\"max-image-preview:large\",\"max-video-preview\":\"max-video-preview:-1\"},\"canonical\":\"https:\/\/www.switcho.it\/blog\/luce-gas\/mercato-energia\/\",\"og_locale\":\"it_IT\",\"og_type\":\"article\",\"og_title\":\"Mercato Energetico Archivi - Switcho\",\"og_description\":\"Novit\u00e0 su mercato libero e regime di tutela, approfondimenti sul funzionamento delle offerte luce e gas e molto altro.\",\"og_url\":\"https:\/\/www.switcho.it\/blog\/luce-gas\/mercato-energia\/\",\"og_site_name\":\"Switcho\",\"twitter_card\":\"summary_large_image\",\"schema\":{\"@context\":\"https:\/\/schema.org\",\"@graph\":[{\"@type\":\"CollectionPage\",\"@id\":\"https:\/\/www.switcho.it\/blog\/luce-gas\/mercato-energia\/\",\"url\":\"https:\/\/www.switcho.it\/blog\/luce-gas\/mercato-energia\/\",\"name\":\"Mercato Energetico Archivi - Switcho\",\"isPartOf\":{\"@id\":\"https:\/\/www.switcho.it\/blog\/#website\"},\"breadcrumb\":{\"@id\":\"https:\/\/www.switcho.it\/blog\/luce-gas\/mercato-energia\/#breadcrumb\"},\"inLanguage\":\"en-US\"},{\"@type\":\"BreadcrumbList\",\"@id\":\"https:\/\/www.switcho.it\/blog\/luce-gas\/mercato-energia\/#breadcrumb\",\"itemListElement\":[{\"@type\":\"ListItem\",\"position\":1,\"name\":\"Home\",\"item\":\"https:\/\/www.switcho.it\/blog\/\"},{\"@type\":\"ListItem\",\"position\":2,\"name\":\"Luce e Gas\",\"item\":\"https:\/\/www.switcho.it\/blog\/luce-gas\/\"},{\"@type\":\"ListItem\",\"position\":3,\"name\":\"Mercato Energetico\"}]},{\"@type\":\"WebSite\",\"@id\":\"https:\/\/www.switcho.it\/blog\/#website\",\"url\":\"https:\/\/www.switcho.it\/blog\/\",\"name\":\"Switcho\",\"description\":\"Il blog semplice, per davvero.\",\"publisher\":{\"@id\":\"https:\/\/www.switcho.it\/blog\/#organization\"},\"potentialAction\":[{\"@type\":\"SearchAction\",\"target\":{\"@type\":\"EntryPoint\",\"urlTemplate\":\"https:\/\/www.switcho.it\/blog\/?s={search_term_string}\"},\"query-input\":\"required name=search_term_string\"}],\"inLanguage\":\"en-US\"},{\"@type\":\"Organization\",\"@id\":\"https:\/\/www.switcho.it\/blog\/#organization\",\"name\":\"Switcho\",\"url\":\"https:\/\/www.switcho.it\/blog\/\",\"logo\":{\"@type\":\"ImageObject\",\"inLanguage\":\"en-US\",\"@id\":\"https:\/\/www.switcho.it\/blog\/#\/schema\/logo\/image\/\",\"url\":\"https:\/\/www.switcho.it\/blog\/wp-content\/uploads\/2021\/03\/Switcho-Logotype-Green.png\",\"contentUrl\":\"https:\/\/www.switcho.it\/blog\/wp-content\/uploads\/2021\/03\/Switcho-Logotype-Green.png\",\"width\":1507,\"height\":597,\"caption\":\"Switcho\"},\"image\":{\"@id\":\"https:\/\/www.switcho.it\/blog\/#\/schema\/logo\/image\/\"}}]}},\"_links\":{\"self\":[{\"href\":\"https:\/\/www.switcho.it\/blog\/wp-json\/wp\/v2\/categories\/307\"}],\"collection\":[{\"href\":\"https:\/\/www.switcho.it\/blog\/wp-json\/wp\/v2\/categories\"}],\"about\":[{\"href\":\"https:\/\/www.switcho.it\/blog\/wp-json\/wp\/v2\/taxonomies\/category\"}],\"up\":[{\"embeddable\":true,\"href\":\"https:\/\/www.switcho.it\/blog\/wp-json\/wp\/v2\/categories\/54\"}],\"wp:post_type\":[{\"href\":\"https:\/\/www.switcho.it\/blog\/wp-json\/wp\/v2\/posts?categories=307\"}],\"curies\":[{\"name\":\"wp\",\"href\":\"https:\/\/api.w.org\/{rel}\",\"templated\":true}]}}],\"postsToShow\":100,\"columns\":2,\"featuredImageAlign\":\"left\",\"featuredImageSizeSlug\":\"medium\",\"featuredImageSizeWidth\":120,\"featuredImageSizeHeight\":150,\"addLinkToFeaturedImage\":true,\"className\":\"emoji_bullets emoji_hand_right\"} \/--><\/div>\n<!-- \/wp:group -->\n\n<!-- wp:spacer {\"height\":\"40px\"} -->\n<div style=\"height:40px\" aria-hidden=\"true\" class=\"wp-block-spacer\"><\/div>\n<!-- \/wp:spacer -->\n\n<!-- wp:heading -->\n<h2 class=\"wp-block-heading\"><strong>Luce e gas: gli altri argomenti<\/strong><\/h2>\n<!-- \/wp:heading -->\n\n<!-- wp:spacer {\"height\":\"20px\"} -->\n<div style=\"height:20px\" aria-hidden=\"true\" class=\"wp-block-spacer\"><\/div>\n<!-- \/wp:spacer -->\n\n<!-- wp:table {\"hasFixedLayout\":true,\"className\":\"is-style-stripes\"} -->\n<figure class=\"wp-block-table is-style-stripes\"><table class=\"has-fixed-layout\"><tbody><tr><td><a href=\"https:\/\/www.switcho.it\/blog\/luce-gas\/allaccio-attivazione\/\">Allaccio e attivazione<\/a><\/td><td><a href=\"https:\/\/www.switcho.it\/blog\/luce-gas\/contatore\/\">Contatore<\/a><\/td><td><a href=\"https:\/\/www.switcho.it\/blog\/luce-gas\/come-disdire-luce-gas\/\">Disdetta luce e gas<\/a><\/td><\/tr><tr><td><a href=\"https:\/\/www.switcho.it\/blog\/luce-gas\/leggere-bolletta\/\">Leggere la bolletta<\/a><\/td><td><a href=\"https:\/\/www.switcho.it\/blog\/luce-gas\/come-pagare-bolletta\/\">Pagare la bolletta<\/a><\/td><td><a href=\"https:\/\/www.switcho.it\/blog\/luce-gas\/contestare-bolletta-luce-gas\/\">Reclami<\/a><\/td><\/tr><tr><td><a href=\"https:\/\/www.switcho.it\/blog\/luce-gas\/risparmio-energia\/\">Risparmio energia<\/a><\/td><td><a href=\"https:\/\/www.switcho.it\/blog\/luce-gas\/contatti-fornitori-energia\/\">Contatti fornitori<\/a><\/td><td><a href=\"https:\/\/www.switcho.it\/blog\/luce-gas\/voltura-energia\/\">Voltura<\/a><\/td><\/tr><tr><td><a href=\"https:\/\/www.switcho.it\/blog\/luce-gas\/subentro-luce-gas\/\">Subentro<\/a><\/td><td><a href=\"https:\/\/www.switcho.it\/blog\/luce-gas\/contratti-energia\/\">Contratti luce e gas<\/a><\/td><td><a href=\"https:\/\/www.switcho.it\/blog\/luce-gas\/osservatorio\/\">Osservatorio energia<\/a><\/td><\/tr><tr><td><a href=\"https:\/\/www.switcho.it\/blog\/luce-gas\/impianto-fotovoltaico\/\">Fotovoltaico<\/a><\/td><td><a href=\"https:\/\/www.switcho.it\/blog\/luce-gas\/caldaia\/\">Caldaia<\/a><\/td><td><a href=\"https:\/\/www.switcho.it\/blog\/luce-gas\/condizionatore\/\">Condizionatore<\/a><\/td><\/tr><\/tbody><\/table><\/figure>\n<!-- \/wp:table -->\n\n<!-- wp:spacer {\"height\":\"40px\"} -->\n<div style=\"height:40px\" aria-hidden=\"true\" class=\"wp-block-spacer\"><\/div>\n<!-- \/wp:spacer -->\n\n<!-- wp:heading -->\n<h2 class=\"wp-block-heading\"><strong>Fornitori energetici<\/strong><\/h2>\n<!-- \/wp:heading -->\n\n<!-- wp:gallery {\"columns\":5,\"linkTo\":\"none\",\"className\":\"gallery-box-shadow-none\"} -->\n<figure class=\"wp-block-gallery has-nested-images columns-5 is-cropped gallery-box-shadow-none\"><!-- wp:image {\"id\":28373,\"sizeSlug\":\"large\",\"linkDestination\":\"custom\"} -->\n<figure class=\"wp-block-image size-large\"><a href=\"https:\/\/www.switcho.it\/blog\/luce-gas\/a2a\/\"><img src=\"https:\/\/www.switcho.it\/blog\/wp-content\/uploads\/2023\/01\/a2a_gallery.png\" alt=\"A2A\" class=\"wp-image-28373\"\/><\/a><\/figure>\n<!-- \/wp:image -->\n\n<!-- wp:image {\"id\":28403,\"sizeSlug\":\"large\",\"linkDestination\":\"custom\"} -->\n<figure class=\"wp-block-image size-large\"><a href=\"https:\/\/www.switcho.it\/blog\/luce-gas\/plenitude\/\"><img src=\"https:\/\/www.switcho.it\/blog\/wp-content\/uploads\/2023\/01\/plenitude_gallery.png\" alt=\"Eni Plenitude\" class=\"wp-image-28403\"\/><\/a><\/figure>\n<!-- \/wp:image -->\n\n<!-- wp:image {\"id\":28388,\"sizeSlug\":\"large\",\"linkDestination\":\"custom\"} -->\n<figure class=\"wp-block-image size-large\"><a href=\"https:\/\/www.switcho.it\/blog\/luce-gas\/hera\/\"><img src=\"https:\/\/www.switcho.it\/blog\/wp-content\/uploads\/2023\/01\/hera_gallery.png\" alt=\"hera\" class=\"wp-image-28388\"\/><\/a><\/figure>\n<!-- \/wp:image -->\n\n<!-- wp:image {\"id\":28406,\"sizeSlug\":\"large\",\"linkDestination\":\"custom\"} -->\n<figure class=\"wp-block-image size-large\"><a href=\"https:\/\/www.switcho.it\/blog\/luce-gas\/pulsee\/\"><img src=\"https:\/\/www.switcho.it\/blog\/wp-content\/uploads\/2023\/01\/pulsee_gallery.png\" alt=\"Pulsee\" class=\"wp-image-28406\"\/><\/a><\/figure>\n<!-- \/wp:image -->\n\n<!-- wp:image {\"id\":28397,\"sizeSlug\":\"large\",\"linkDestination\":\"custom\"} -->\n<figure class=\"wp-block-image size-large\"><a href=\"https:\/\/www.switcho.it\/blog\/luce-gas\/illumia\/\"><img src=\"https:\/\/www.switcho.it\/blog\/wp-content\/uploads\/2023\/01\/illumia_gallery.png\" alt=\"Illumia\" class=\"wp-image-28397\"\/><\/a><\/figure>\n<!-- \/wp:image -->\n\n<!-- wp:image {\"id\":28424,\"sizeSlug\":\"large\",\"linkDestination\":\"custom\"} -->\n<figure class=\"wp-block-image size-large\"><a href=\"https:\/\/www.switcho.it\/blog\/luce-gas\/vivi-energia\/\"><img src=\"https:\/\/www.switcho.it\/blog\/wp-content\/uploads\/2023\/01\/vivi_energia_gallery.png\" alt=\"Vivi Energia\" class=\"wp-image-28424\"\/><\/a><\/figure>\n<!-- \/wp:image -->\n\n<!-- wp:image {\"id\":28379,\"sizeSlug\":\"large\",\"linkDestination\":\"custom\"} -->\n<figure class=\"wp-block-image size-large\"><a href=\"https:\/\/www.switcho.it\/blog\/luce-gas\/eon\/\"><img src=\"https:\/\/www.switcho.it\/blog\/wp-content\/uploads\/2023\/01\/eon_gallery.png\" alt=\"E.on\" class=\"wp-image-28379\"\/><\/a><\/figure>\n<!-- \/wp:image -->\n\n<!-- wp:image {\"id\":50360,\"sizeSlug\":\"large\",\"linkDestination\":\"custom\"} -->\n<figure class=\"wp-block-image size-large\"><a href=\"https:\/\/www.switcho.it\/blog\/luce-gas\/nen\/\"><img src=\"https:\/\/www.switcho.it\/blog\/wp-content\/uploads\/2023\/04\/logo-nen.png\" alt=\"logo nen\" class=\"wp-image-50360\"\/><\/a><\/figure>\n<!-- \/wp:image -->\n\n<!-- wp:image {\"id\":53771,\"sizeSlug\":\"large\",\"linkDestination\":\"custom\"} -->\n<figure class=\"wp-block-image size-large\"><a href=\"https:\/\/www.switcho.it\/blog\/luce-gas\/sinergas\/\"><img src=\"https:\/\/www.switcho.it\/blog\/wp-content\/uploads\/2023\/05\/Sinergas.png\" alt=\"Sinergas\" class=\"wp-image-53771\"\/><\/a><\/figure>\n<!-- \/wp:image --><\/figure>\n<!-- \/wp:gallery -->\n\n<!-- wp:spacer {\"height\":\"80px\"} -->\n<div style=\"height:80px\" aria-hidden=\"true\" class=\"wp-block-spacer\"><\/div>\n<!-- \/wp:spacer -->","_et_gb_content_width":"","_lmt_disableupdate":"no","_lmt_disable":"","footnotes":""},"class_list":["post-68056","page","type-page","status-publish","has-post-thumbnail","hentry"],"yoast_head":"<!-- This site is optimized with the Yoast SEO plugin v27.5 - https:\/\/yoast.com\/product\/yoast-seo-wordpress\/ -->\n<title>Mercato energetico: informazioni, novit\u00e0 e approfondimenti - Switcho<\/title>\n<meta name=\"description\" content=\"Novit\u00e0 su mercato libero e regime di tutela, approfondimenti sul funzionamento delle offerte luce e gas e molto altro.\" \/>\n<meta name=\"robots\" content=\"index, follow, max-snippet:-1, max-image-preview:large, max-video-preview:-1\" \/>\n<link rel=\"canonical\" href=\"https:\/\/www.switcho.it\/blog\/luce-gas\/mercato-energia\/\" \/>\n<meta property=\"og:locale\" content=\"it_IT\" \/>\n<meta property=\"og:type\" content=\"article\" \/>\n<meta property=\"og:title\" content=\"Mercato energetico: informazioni, novit\u00e0 e approfondimenti - Switcho\" \/>\n<meta property=\"og:description\" content=\"Novit\u00e0 su mercato libero e regime di tutela, approfondimenti sul funzionamento delle offerte luce e gas e molto altro.\" \/>\n<meta property=\"og:url\" content=\"https:\/\/www.switcho.it\/blog\/luce-gas\/mercato-energia\/\" \/>\n<meta property=\"og:site_name\" content=\"Switcho\" \/>\n<meta property=\"article:modified_time\" content=\"2025-11-21T13:07:13+00:00\" \/>\n<meta property=\"og:image\" content=\"https:\/\/www.switcho.it\/blog\/wp-content\/uploads\/2023\/10\/mercato-energia.jpg\" \/>\n\t<meta property=\"og:image:width\" content=\"900\" \/>\n\t<meta property=\"og:image:height\" content=\"600\" \/>\n\t<meta property=\"og:image:type\" content=\"image\/jpeg\" \/>\n<meta name=\"twitter:card\" content=\"summary_large_image\" \/>\n<meta name=\"twitter:label1\" content=\"Tempo di lettura stimato\" \/>\n\t<meta name=\"twitter:data1\" content=\"14 minuti\" \/>\n<script type=\"application\/ld+json\" class=\"yoast-schema-graph\">{\"@context\":\"https:\\\/\\\/schema.org\",\"@graph\":[{\"@type\":\"WebPage\",\"@id\":\"https:\\\/\\\/www.switcho.it\\\/blog\\\/luce-gas\\\/mercato-energia\\\/\",\"url\":\"https:\\\/\\\/www.switcho.it\\\/blog\\\/luce-gas\\\/mercato-energia\\\/\",\"name\":\"Mercato energetico: informazioni, novit\u00e0 e approfondimenti - Switcho\",\"isPartOf\":{\"@id\":\"https:\\\/\\\/www.switcho.it\\\/blog\\\/#website\"},\"primaryImageOfPage\":{\"@id\":\"https:\\\/\\\/www.switcho.it\\\/blog\\\/luce-gas\\\/mercato-energia\\\/#primaryimage\"},\"image\":{\"@id\":\"https:\\\/\\\/www.switcho.it\\\/blog\\\/luce-gas\\\/mercato-energia\\\/#primaryimage\"},\"thumbnailUrl\":\"https:\\\/\\\/www.switcho.it\\\/blog\\\/wp-content\\\/uploads\\\/2023\\\/10\\\/mercato-energia.jpg\",\"datePublished\":\"2023-10-20T16:08:22+00:00\",\"dateModified\":\"2025-11-21T13:07:13+00:00\",\"description\":\"Novit\u00e0 su mercato libero e regime di tutela, approfondimenti sul funzionamento delle offerte luce e gas e molto altro.\",\"breadcrumb\":{\"@id\":\"https:\\\/\\\/www.switcho.it\\\/blog\\\/luce-gas\\\/mercato-energia\\\/#breadcrumb\"},\"inLanguage\":\"it-IT\",\"potentialAction\":[{\"@type\":\"ReadAction\",\"target\":[\"https:\\\/\\\/www.switcho.it\\\/blog\\\/luce-gas\\\/mercato-energia\\\/\"]}]},{\"@type\":\"ImageObject\",\"inLanguage\":\"it-IT\",\"@id\":\"https:\\\/\\\/www.switcho.it\\\/blog\\\/luce-gas\\\/mercato-energia\\\/#primaryimage\",\"url\":\"https:\\\/\\\/www.switcho.it\\\/blog\\\/wp-content\\\/uploads\\\/2023\\\/10\\\/mercato-energia.jpg\",\"contentUrl\":\"https:\\\/\\\/www.switcho.it\\\/blog\\\/wp-content\\\/uploads\\\/2023\\\/10\\\/mercato-energia.jpg\",\"width\":900,\"height\":600,\"caption\":\"Mercato energetico\"},{\"@type\":\"BreadcrumbList\",\"@id\":\"https:\\\/\\\/www.switcho.it\\\/blog\\\/luce-gas\\\/mercato-energia\\\/#breadcrumb\",\"itemListElement\":[{\"@type\":\"ListItem\",\"position\":1,\"name\":\"Home\",\"item\":\"https:\\\/\\\/www.switcho.it\\\/blog\\\/\"},{\"@type\":\"ListItem\",\"position\":2,\"name\":\"Offerte Luce e Gas: confronta le migliori tariffe per te\",\"item\":\"https:\\\/\\\/www.switcho.it\\\/blog\\\/risorse\\\/luce-gas\\\/\"},{\"@type\":\"ListItem\",\"position\":3,\"name\":\"Mercato energetico: informazioni, novit\u00e0 e approfondimenti\"}]},{\"@type\":\"WebSite\",\"@id\":\"https:\\\/\\\/www.switcho.it\\\/blog\\\/#website\",\"url\":\"https:\\\/\\\/www.switcho.it\\\/blog\\\/\",\"name\":\"Switcho\",\"description\":\"Il blog semplice, per davvero.\",\"publisher\":{\"@id\":\"https:\\\/\\\/www.switcho.it\\\/blog\\\/#organization\"},\"potentialAction\":[{\"@type\":\"SearchAction\",\"target\":{\"@type\":\"EntryPoint\",\"urlTemplate\":\"https:\\\/\\\/www.switcho.it\\\/blog\\\/?s={search_term_string}\"},\"query-input\":{\"@type\":\"PropertyValueSpecification\",\"valueRequired\":true,\"valueName\":\"search_term_string\"}}],\"inLanguage\":\"it-IT\"},{\"@type\":\"Organization\",\"@id\":\"https:\\\/\\\/www.switcho.it\\\/blog\\\/#organization\",\"name\":\"Switcho\",\"url\":\"https:\\\/\\\/www.switcho.it\\\/blog\\\/\",\"logo\":{\"@type\":\"ImageObject\",\"inLanguage\":\"it-IT\",\"@id\":\"https:\\\/\\\/www.switcho.it\\\/blog\\\/#\\\/schema\\\/logo\\\/image\\\/\",\"url\":\"https:\\\/\\\/www.switcho.it\\\/blog\\\/wp-content\\\/uploads\\\/2021\\\/03\\\/Switcho-Logotype-Green.png\",\"contentUrl\":\"https:\\\/\\\/www.switcho.it\\\/blog\\\/wp-content\\\/uploads\\\/2021\\\/03\\\/Switcho-Logotype-Green.png\",\"width\":1507,\"height\":597,\"caption\":\"Switcho\"},\"image\":{\"@id\":\"https:\\\/\\\/www.switcho.it\\\/blog\\\/#\\\/schema\\\/logo\\\/image\\\/\"}}]}<\/script>\n<!-- \/ Yoast SEO plugin. -->","yoast_head_json":{"title":"Mercato energetico: informazioni, novit\u00e0 e approfondimenti - Switcho","description":"Novit\u00e0 su mercato libero e regime di tutela, approfondimenti sul funzionamento delle offerte luce e gas e molto altro.","robots":{"index":"index","follow":"follow","max-snippet":"max-snippet:-1","max-image-preview":"max-image-preview:large","max-video-preview":"max-video-preview:-1"},"canonical":"https:\/\/www.switcho.it\/blog\/luce-gas\/mercato-energia\/","og_locale":"it_IT","og_type":"article","og_title":"Mercato energetico: informazioni, novit\u00e0 e approfondimenti - Switcho","og_description":"Novit\u00e0 su mercato libero e regime di tutela, approfondimenti sul funzionamento delle offerte luce e gas e molto altro.","og_url":"https:\/\/www.switcho.it\/blog\/luce-gas\/mercato-energia\/","og_site_name":"Switcho","article_modified_time":"2025-11-21T13:07:13+00:00","og_image":[{"width":900,"height":600,"url":"https:\/\/www.switcho.it\/blog\/wp-content\/uploads\/2023\/10\/mercato-energia.jpg","type":"image\/jpeg"}],"twitter_card":"summary_large_image","twitter_misc":{"Tempo di lettura stimato":"14 minuti"},"schema":{"@context":"https:\/\/schema.org","@graph":[{"@type":"WebPage","@id":"https:\/\/www.switcho.it\/blog\/luce-gas\/mercato-energia\/","url":"https:\/\/www.switcho.it\/blog\/luce-gas\/mercato-energia\/","name":"Mercato energetico: informazioni, novit\u00e0 e approfondimenti - Switcho","isPartOf":{"@id":"https:\/\/www.switcho.it\/blog\/#website"},"primaryImageOfPage":{"@id":"https:\/\/www.switcho.it\/blog\/luce-gas\/mercato-energia\/#primaryimage"},"image":{"@id":"https:\/\/www.switcho.it\/blog\/luce-gas\/mercato-energia\/#primaryimage"},"thumbnailUrl":"https:\/\/www.switcho.it\/blog\/wp-content\/uploads\/2023\/10\/mercato-energia.jpg","datePublished":"2023-10-20T16:08:22+00:00","dateModified":"2025-11-21T13:07:13+00:00","description":"Novit\u00e0 su mercato libero e regime di tutela, approfondimenti sul funzionamento delle offerte luce e gas e molto altro.","breadcrumb":{"@id":"https:\/\/www.switcho.it\/blog\/luce-gas\/mercato-energia\/#breadcrumb"},"inLanguage":"it-IT","potentialAction":[{"@type":"ReadAction","target":["https:\/\/www.switcho.it\/blog\/luce-gas\/mercato-energia\/"]}]},{"@type":"ImageObject","inLanguage":"it-IT","@id":"https:\/\/www.switcho.it\/blog\/luce-gas\/mercato-energia\/#primaryimage","url":"https:\/\/www.switcho.it\/blog\/wp-content\/uploads\/2023\/10\/mercato-energia.jpg","contentUrl":"https:\/\/www.switcho.it\/blog\/wp-content\/uploads\/2023\/10\/mercato-energia.jpg","width":900,"height":600,"caption":"Mercato energetico"},{"@type":"BreadcrumbList","@id":"https:\/\/www.switcho.it\/blog\/luce-gas\/mercato-energia\/#breadcrumb","itemListElement":[{"@type":"ListItem","position":1,"name":"Home","item":"https:\/\/www.switcho.it\/blog\/"},{"@type":"ListItem","position":2,"name":"Offerte Luce e Gas: confronta le migliori tariffe per te","item":"https:\/\/www.switcho.it\/blog\/risorse\/luce-gas\/"},{"@type":"ListItem","position":3,"name":"Mercato energetico: informazioni, novit\u00e0 e approfondimenti"}]},{"@type":"WebSite","@id":"https:\/\/www.switcho.it\/blog\/#website","url":"https:\/\/www.switcho.it\/blog\/","name":"Switcho","description":"Il blog semplice, per davvero.","publisher":{"@id":"https:\/\/www.switcho.it\/blog\/#organization"},"potentialAction":[{"@type":"SearchAction","target":{"@type":"EntryPoint","urlTemplate":"https:\/\/www.switcho.it\/blog\/?s={search_term_string}"},"query-input":{"@type":"PropertyValueSpecification","valueRequired":true,"valueName":"search_term_string"}}],"inLanguage":"it-IT"},{"@type":"Organization","@id":"https:\/\/www.switcho.it\/blog\/#organization","name":"Switcho","url":"https:\/\/www.switcho.it\/blog\/","logo":{"@type":"ImageObject","inLanguage":"it-IT","@id":"https:\/\/www.switcho.it\/blog\/#\/schema\/logo\/image\/","url":"https:\/\/www.switcho.it\/blog\/wp-content\/uploads\/2021\/03\/Switcho-Logotype-Green.png","contentUrl":"https:\/\/www.switcho.it\/blog\/wp-content\/uploads\/2021\/03\/Switcho-Logotype-Green.png","width":1507,"height":597,"caption":"Switcho"},"image":{"@id":"https:\/\/www.switcho.it\/blog\/#\/schema\/logo\/image\/"}}]}},"_links":{"self":[{"href":"https:\/\/www.switcho.it\/blog\/wp-json\/wp\/v2\/pages\/68056","targetHints":{"allow":["GET"]}}],"collection":[{"href":"https:\/\/www.switcho.it\/blog\/wp-json\/wp\/v2\/pages"}],"about":[{"href":"https:\/\/www.switcho.it\/blog\/wp-json\/wp\/v2\/types\/page"}],"author":[{"embeddable":true,"href":"https:\/\/www.switcho.it\/blog\/wp-json\/wp\/v2\/users\/4"}],"replies":[{"embeddable":true,"href":"https:\/\/www.switcho.it\/blog\/wp-json\/wp\/v2\/comments?post=68056"}],"version-history":[{"count":5,"href":"https:\/\/www.switcho.it\/blog\/wp-json\/wp\/v2\/pages\/68056\/revisions"}],"predecessor-version":[{"id":144647,"href":"https:\/\/www.switcho.it\/blog\/wp-json\/wp\/v2\/pages\/68056\/revisions\/144647"}],"up":[{"embeddable":true,"href":"https:\/\/www.switcho.it\/blog\/wp-json\/wp\/v2\/pages\/144536"}],"wp:featuredmedia":[{"embeddable":true,"href":"https:\/\/www.switcho.it\/blog\/wp-json\/wp\/v2\/media\/68059"}],"wp:attachment":[{"href":"https:\/\/www.switcho.it\/blog\/wp-json\/wp\/v2\/media?parent=68056"}],"curies":[{"name":"wp","href":"https:\/\/api.w.org\/{rel}","templated":true}]}}